{"id":2554,"date":"2025-05-12T13:14:50","date_gmt":"2025-05-12T12:14:50","guid":{"rendered":"https:\/\/veronasdavit.org\/veronasdavit\/?page_id=2554"},"modified":"2025-06-14T19:08:40","modified_gmt":"2025-06-14T18:08:40","slug":"quem-somos","status":"publish","type":"page","link":"https:\/\/veronasdavit.org\/veronasdavit\/quem-somos\/","title":{"rendered":"Quem Somos"},"content":{"rendered":"\t\t<div data-elementor-type=\"wp-page\" data-elementor-id=\"2554\" class=\"elementor elementor-2554\">\n\t\t\t\t\t\t<section class=\"elementor-section elementor-top-section elementor-element elementor-element-53011e0 elementor-section-boxed elementor-section-height-default elementor-section-height-default wpr-particle-no wpr-jarallax-no wpr-parallax-no wpr-sticky-section-no\" data-id=\"53011e0\" data-element_type=\"section\" data-e-type=\"section\" data-settings=\"{&quot;background_background&quot;:&quot;classic&quot;}\">\n\t\t\t\t\t\t<div class=\"elementor-container elementor-column-gap-default\">\n\t\t\t\t\t<div class=\"elementor-column elementor-col-50 elementor-top-column elementor-element elementor-element-879a4c0 elementor-invisible\" data-id=\"879a4c0\" data-element_type=\"column\" data-e-type=\"column\" data-settings=\"{&quot;animation&quot;:&quot;fadeInLeft&quot;}\">\n\t\t\t<div class=\"elementor-widget-wrap elementor-element-populated\">\n\t\t\t\t\t\t<div class=\"elementor-element elementor-element-2d795a8 elementor-hidden-tablet elementor-hidden-mobile animated-slow elementor-invisible elementor-widget elementor-widget-image\" data-id=\"2d795a8\" data-element_type=\"widget\" data-e-type=\"widget\" data-settings=\"{&quot;_animation&quot;:&quot;fadeInLeft&quot;}\" data-widget_type=\"image.default\">\n\t\t\t\t<div class=\"elementor-widget-container\">\n\t\t\t\t\t\t\t\t\t\t\t\t\t\t\t<img fetchpriority=\"high\" decoding=\"async\" width=\"1172\" height=\"853\" src=\"https:\/\/veronasdavit.org\/veronasdavit\/wp-content\/uploads\/2025\/05\/moldura-min-1.png\" class=\"attachment-full size-full wp-image-3767\" alt=\"\" srcset=\"https:\/\/veronasdavit.org\/veronasdavit\/wp-content\/uploads\/2025\/05\/moldura-min-1.png 1172w, https:\/\/veronasdavit.org\/veronasdavit\/wp-content\/uploads\/2025\/05\/moldura-min-1-300x218.png 300w, https:\/\/veronasdavit.org\/veronasdavit\/wp-content\/uploads\/2025\/05\/moldura-min-1-1024x745.png 1024w, https:\/\/veronasdavit.org\/veronasdavit\/wp-content\/uploads\/2025\/05\/moldura-min-1-768x559.png 768w, https:\/\/veronasdavit.org\/veronasdavit\/wp-content\/uploads\/2025\/05\/moldura-min-1-600x437.png 600w\" sizes=\"(max-width: 1172px) 100vw, 1172px\" \/>\t\t\t\t\t\t\t\t\t\t\t\t\t\t\t<\/div>\n\t\t\t\t<\/div>\n\t\t\t\t\t<\/div>\n\t\t<\/div>\n\t\t\t\t<div class=\"elementor-column elementor-col-50 elementor-top-column elementor-element elementor-element-d42b19a elementor-invisible\" data-id=\"d42b19a\" data-element_type=\"column\" data-e-type=\"column\" data-settings=\"{&quot;animation&quot;:&quot;fadeInRight&quot;}\">\n\t\t\t<div class=\"elementor-widget-wrap elementor-element-populated\">\n\t\t\t\t\t\t<div class=\"elementor-element elementor-element-6abf8c8 elementor-widget__width-auto animated-fast elementor-invisible elementor-widget elementor-widget-heading\" data-id=\"6abf8c8\" data-element_type=\"widget\" data-e-type=\"widget\" data-settings=\"{&quot;_animation&quot;:&quot;fadeInRight&quot;}\" data-widget_type=\"heading.default\">\n\t\t\t\t<div class=\"elementor-widget-container\">\n\t\t\t\t\t<h2 class=\"elementor-heading-title elementor-size-default\">Quem Somos ?<\/h2>\t\t\t\t<\/div>\n\t\t\t\t<\/div>\n\t\t\t\t<div class=\"elementor-element elementor-element-b7122f0 elementor-invisible elementor-widget elementor-widget-heading\" data-id=\"b7122f0\" data-element_type=\"widget\" data-e-type=\"widget\" data-settings=\"{&quot;_animation&quot;:&quot;fadeInRight&quot;}\" data-widget_type=\"heading.default\">\n\t\t\t\t<div class=\"elementor-widget-container\">\n\t\t\t\t\t<h3 class=\"elementor-heading-title elementor-size-default\">De pessoas para pessoas<\/h3>\t\t\t\t<\/div>\n\t\t\t\t<\/div>\n\t\t\t\t<div class=\"elementor-element elementor-element-42d9253 elementor-widget__width-initial animated-slow elementor-invisible elementor-widget elementor-widget-text-editor\" data-id=\"42d9253\" data-element_type=\"widget\" data-e-type=\"widget\" data-settings=\"{&quot;_animation&quot;:&quot;fadeInRight&quot;}\" data-widget_type=\"text-editor.default\">\n\t\t\t\t<div class=\"elementor-widget-container\">\n\t\t\t\t\t\t\t\t\t<p>A <strong data-start=\"400\" data-end=\"428\">Associa\u00e7\u00e3o Veronas Davit<\/strong> \u00e9 uma organiza\u00e7\u00e3o sem fins lucrativos, fundada com a miss\u00e3o de promover a inclus\u00e3o social, educa\u00e7\u00e3o, empoderamento feminino e o desenvolvimento comunit\u00e1rio em Angola. Sediada em Luanda e oficialmente ativa desde 2017, a Associa\u00e7\u00e3o nasceu de um profundo compromisso humano e espiritual com as comunidades mais vulner\u00e1veis.<\/p><p>Inspirada pelo lema <strong data-start=\"772\" data-end=\"801\">\u201cDe pessoas para pessoas\u201d<\/strong>, a Veronas Davit acredita que a transforma\u00e7\u00e3o social come\u00e7a com pequenos gestos de solidariedade, que somados, geram grandes mudan\u00e7as.<\/p>\t\t\t\t\t\t\t\t<\/div>\n\t\t\t\t<\/div>\n\t\t\t\t<div class=\"elementor-element elementor-element-785af15 elementor-tablet-align-left elementor-mobile-align-justify elementor-invisible elementor-widget elementor-widget-button\" data-id=\"785af15\" data-element_type=\"widget\" data-e-type=\"widget\" data-settings=\"{&quot;_animation&quot;:&quot;zoomIn&quot;}\" data-widget_type=\"button.default\">\n\t\t\t\t<div class=\"elementor-widget-container\">\n\t\t\t\t\t\t\t\t\t<div class=\"elementor-button-wrapper\">\n\t\t\t\t\t<a class=\"elementor-button elementor-button-link elementor-size-sm elementor-animation-grow\" href=\"https:\/\/veronasdavit.org\/veronasdavit\/wp-content\/uploads\/2025\/05\/APRESENTACAO-ASSOCIACAO-VERONAS-DAVIT.pdf\" target=\"_blank\">\n\t\t\t\t\t\t<span class=\"elementor-button-content-wrapper\">\n\t\t\t\t\t\t\t\t\t<span class=\"elementor-button-text\">Saiba Mais<\/span>\n\t\t\t\t\t<\/span>\n\t\t\t\t\t<\/a>\n\t\t\t\t<\/div>\n\t\t\t\t\t\t\t\t<\/div>\n\t\t\t\t<\/div>\n\t\t\t\t\t<\/div>\n\t\t<\/div>\n\t\t\t\t\t<\/div>\n\t\t<\/section>\n\t\t\t\t<section class=\"elementor-section elementor-top-section elementor-element elementor-element-d79801e elementor-section-full_width elementor-section-content-middle elementor-section-height-default elementor-section-height-default wpr-particle-no wpr-jarallax-no wpr-parallax-no wpr-sticky-section-no\" data-id=\"d79801e\" data-element_type=\"section\" data-e-type=\"section\" data-settings=\"{&quot;background_background&quot;:&quot;classic&quot;}\">\n\t\t\t\t\t\t<div class=\"elementor-container elementor-column-gap-default\">\n\t\t\t\t\t<div class=\"elementor-column elementor-col-100 elementor-top-column elementor-element elementor-element-562ae50\" data-id=\"562ae50\" data-element_type=\"column\" data-e-type=\"column\">\n\t\t\t<div class=\"elementor-widget-wrap elementor-element-populated\">\n\t\t\t\t\t\t<div class=\"elementor-element elementor-element-99d4832 elementor-widget__width-initial wpr-promo-box-style-cover elementor-invisible elementor-widget elementor-widget-wpr-promo-box\" data-id=\"99d4832\" data-element_type=\"widget\" data-e-type=\"widget\" data-settings=\"{&quot;_animation&quot;:&quot;fadeInUp&quot;,&quot;_animation_delay&quot;:400}\" data-widget_type=\"wpr-promo-box.default\">\n\t\t\t\t<div class=\"elementor-widget-container\">\n\t\t\t\t\t\n\t\t<div class=\"wpr-promo-box wpr-animation-wrap\">\n\n\t\t\t\t\t\t\t\n\t\t\t\t\t\t\t<div class=\"wpr-promo-box-image\">\n\t\t\t\t\t<div class=\"wpr-promo-box-bg-image wpr-bg-anim-zoom-in wpr-anim-timing-ease-default lazyload\" style=\"background-image:inherit;\" data-bg-image=\"url(https:\/\/veronasdavit.org\/veronasdavit\/wp-content\/uploads\/2025\/05\/VERONICA-MABANGA-CEO-scaled.jpg)\"><\/div>\n\t\t\t\t\t<div class=\"wpr-promo-box-bg-overlay wpr-border-anim-oscar\"><\/div>\n\t\t\t\t<\/div>\n\t\t\t\t\t\t\n\t\t\t<div class=\"wpr-promo-box-content\">\n\n\t\t\t\t\t\t\t\t<div class=\"wpr-promo-box-icon\">\n\t\t\t\t\t\t\t\t\t<\/div>\n\t\t\t\t\n\t\t\t\t<h2 class=\"wpr-promo-box-title\"><span>Historial<\/span><\/h2>\n\t\t\t\t\t\t\t\t\t<div class=\"wpr-promo-box-description\">\n\t\t\t\t\t\t<p><p><strong><em><img decoding=\"async\" class=\"wp-image-2544 aligncenter lazyload\" data-src=\"https:\/\/veronasdavit.org\/veronasdavit\/wp-content\/uploads\/2025\/05\/VERONICA-MABANGA-CEO-255x300.jpg\" alt=\"\" width=\"147\" height=\"173\" data-srcset=\"https:\/\/veronasdavit.org\/veronasdavit\/wp-content\/uploads\/2025\/05\/VERONICA-MABANGA-CEO-255x300.jpg 255w, https:\/\/veronasdavit.org\/veronasdavit\/wp-content\/uploads\/2025\/05\/VERONICA-MABANGA-CEO-870x1024.jpg 870w, https:\/\/veronasdavit.org\/veronasdavit\/wp-content\/uploads\/2025\/05\/VERONICA-MABANGA-CEO-768x904.jpg 768w, https:\/\/veronasdavit.org\/veronasdavit\/wp-content\/uploads\/2025\/05\/VERONICA-MABANGA-CEO-1305x1536.jpg 1305w, https:\/\/veronasdavit.org\/veronasdavit\/wp-content\/uploads\/2025\/05\/VERONICA-MABANGA-CEO-1740x2048.jpg 1740w, https:\/\/veronasdavit.org\/veronasdavit\/wp-content\/uploads\/2025\/05\/VERONICA-MABANGA-CEO-600x706.jpg 600w\" data-sizes=\"(max-width: 147px) 100vw, 147px\" src=\"data:image\/svg+xml;base64,PHN2ZyB3aWR0aD0iMSIgaGVpZ2h0PSIxIiB4bWxucz0iaHR0cDovL3d3dy53My5vcmcvMjAwMC9zdmciPjwvc3ZnPg==\" style=\"--smush-placeholder-width: 147px; --smush-placeholder-aspect-ratio: 147\/173;\" \/>Ver\u00f3nica Mabanga<\/em><\/strong> \u00e9 a vision\u00e1ria \u200b\u200be Directora Geral da Associa\u00e7\u00e3o Veronas Davit. Desde o in\u00edcio do projecto em 2017, Ver\u00f3nica tem participado no esfor\u00e7o de angaria\u00e7\u00e3o de fundos para sustentar diferentes apoios sociais em Angola. Nos primeiros 5 anos, trabalhou como volunt\u00e1ria. Em 2023, dedicou o seu tempo \u00e0 constru\u00e7\u00e3o das actividades de angaria\u00e7\u00e3o de fundos da Associa\u00e7\u00e3o Veronas Davit para diferentes projectos sociais em Angola .<\/p><\/p>\t\n\t\t\t\t\t<\/div>\t\t\t\t\t\t\n\t\t\t\t\n\t\t\t\t\t\t\t<\/div>\n\n\t\t\t\t\t<\/div>\n\n\t\t\t\t\t\t<\/div>\n\t\t\t\t<\/div>\n\t\t\t\t\t<\/div>\n\t\t<\/div>\n\t\t\t\t\t<\/div>\n\t\t<\/section>\n\t\t\t\t<section class=\"elementor-section elementor-top-section elementor-element elementor-element-52d7932f2 elementor-section-boxed elementor-section-height-default elementor-section-height-default wpr-particle-no wpr-jarallax-no wpr-parallax-no wpr-sticky-section-no elementor-invisible\" data-id=\"52d7932f2\" data-element_type=\"section\" data-e-type=\"section\" data-settings=\"{&quot;background_background&quot;:&quot;classic&quot;,&quot;animation&quot;:&quot;fadeInUp&quot;}\">\n\t\t\t\t\t\t<div class=\"elementor-container elementor-column-gap-default\">\n\t\t\t\t\t<div class=\"elementor-column elementor-col-50 elementor-top-column elementor-element elementor-element-2c4ff2dc elementor-hidden-tablet elementor-hidden-mobile\" data-id=\"2c4ff2dc\" data-element_type=\"column\" data-e-type=\"column\">\n\t\t\t<div class=\"elementor-widget-wrap elementor-element-populated\">\n\t\t\t\t\t\t<div class=\"elementor-element elementor-element-477a9efb elementor-widget elementor-widget-image\" data-id=\"477a9efb\" data-element_type=\"widget\" data-e-type=\"widget\" data-widget_type=\"image.default\">\n\t\t\t\t<div class=\"elementor-widget-container\">\n\t\t\t\t\t\t\t\t\t\t\t\t\t\t\t<img decoding=\"async\" width=\"556\" height=\"462\" data-src=\"https:\/\/veronasdavit.org\/veronasdavit\/wp-content\/uploads\/2025\/05\/feed-img.png\" class=\"attachment-large size-large wp-image-2843 lazyload\" alt=\"\" data-srcset=\"https:\/\/veronasdavit.org\/veronasdavit\/wp-content\/uploads\/2025\/05\/feed-img.png 556w, https:\/\/veronasdavit.org\/veronasdavit\/wp-content\/uploads\/2025\/05\/feed-img-300x249.png 300w\" data-sizes=\"(max-width: 556px) 100vw, 556px\" src=\"data:image\/svg+xml;base64,PHN2ZyB3aWR0aD0iMSIgaGVpZ2h0PSIxIiB4bWxucz0iaHR0cDovL3d3dy53My5vcmcvMjAwMC9zdmciPjwvc3ZnPg==\" style=\"--smush-placeholder-width: 556px; --smush-placeholder-aspect-ratio: 556\/462;\" \/>\t\t\t\t\t\t\t\t\t\t\t\t\t\t\t<\/div>\n\t\t\t\t<\/div>\n\t\t\t\t\t<\/div>\n\t\t<\/div>\n\t\t\t\t<div class=\"elementor-column elementor-col-50 elementor-top-column elementor-element elementor-element-70bf2c8d\" data-id=\"70bf2c8d\" data-element_type=\"column\" data-e-type=\"column\">\n\t\t\t<div class=\"elementor-widget-wrap elementor-element-populated\">\n\t\t\t\t\t\t<div class=\"elementor-element elementor-element-25f5f5c9 elementor-widget elementor-widget-heading\" data-id=\"25f5f5c9\" data-element_type=\"widget\" data-e-type=\"widget\" data-widget_type=\"heading.default\">\n\t\t\t\t<div class=\"elementor-widget-container\">\n\t\t\t\t\t<h2 class=\"elementor-heading-title elementor-size-default\">Cumprimos Nossos Encargos<\/h2>\t\t\t\t<\/div>\n\t\t\t\t<\/div>\n\t\t\t\t<div class=\"elementor-element elementor-element-13fa612a wpr-advanced-accordion-icon-side-box elementor-widget elementor-widget-wpr-advanced-accordion\" data-id=\"13fa612a\" data-element_type=\"widget\" data-e-type=\"widget\" data-settings=\"{&quot;active_item&quot;:1}\" data-widget_type=\"wpr-advanced-accordion.default\">\n\t\t\t\t<div class=\"elementor-widget-container\">\n\t\t\t\t\t\n            <div class=\"wpr-advanced-accordion\" data-accordion-type=\"accordion\" data-active-index=\"1\" data-accordion-trigger=\"click\" data-interaction-speed=\"0.4\">\n\n\t\t\t\n                \n\t\t\t\t\t<div class=\"wpr-accordion-item-wrap\">\n\t\t\t\t\t\t<button class=\"wpr-acc-button\">\n\t\t\t\t\t\t\t<span class=\"wpr-acc-item-title\">\n\t\t\t\t\t\t\t\t\t\t\t\t\t\t\t\t\t<div class=\"wpr-acc-icon-box\">\n\t\t\t\t\t\t\t\t\t\t\t\t\t\t<span class=\"wpr-title-icon\">\n\t\t\t\t\t<i aria-hidden=\"true\" class=\"fas fa-hand-holding-heart\"><\/i>\t\t\t\t<\/span>\n\t\t\t\t\t\t\t\t\t\t\t\t<\/div>\n\t\t\t\t\t\t\t\t\n\t\t\t\t\t\t\t\t<span class=\"wpr-acc-title-text\">A Nossa Miss\u00e3o<\/span>\n\t\t\t\t\t\t\t<\/span>\n\t\t\t\t\t\t\t\t\t\t\t<span class=\"wpr-toggle-icon wpr-ti-close\"><i aria-hidden=\"true\" class=\"fas fa-plus\"><\/i><\/span>\n\t\t\t\t<span class=\"wpr-toggle-icon wpr-ti-open\"><i aria-hidden=\"true\" class=\"fas fa-minus\"><\/i><\/span>\n\t\t\t\t\t\t\t\t\t<\/button>\n\n\t\t\t\t\t\t<div class=\"wpr-acc-panel\">\n\t\t\t\t\t\t\t\t\t\t\t\t\t\t\t<div class=\"wpr-acc-panel-content\"><p>\u00c9 Mais do que uma declara\u00e7\u00e3o, a nossa miss\u00e3o \u00e9 um chamado \u00e0 a\u00e7\u00e3o para criar um futuro onde cada vida possa florescer, impulsionada pela educa\u00e7\u00e3o, empoderamento e inclus\u00e3o, onde:<\/p><ul><li>Fizemos parceria com pessoas cuja miss\u00e3o \u00e9 baseada em um compromisso de soliedaredade , trabalhando com os pobres e oprimidos para promover a transforma\u00e7\u00e3o humana, buscar justi\u00e7a atrav\u00e9s de um compromisso integrado.<\/li><li>Transforma\u00e7\u00e3o e desenvolvimento de pessoas, em comunidades e abastecimento sustent\u00e1vel, com foco especial nas necessidades de crian\u00e7as, jovens e mulheres.<\/li><\/ul><p>As atividades da Associa\u00e7\u00e3o Veronas Davit, juntamente com as pessoas nas comunidades onde trabalhamos e parceiros voluntarios, continuar\u00e3o a apoiar as pessoas em seus esfor\u00e7os para alcan\u00e7ar\u00a0 os\u00a0 objetivos\u00a0 de desenvolvimento sustent\u00e1vel, criando mudan\u00e7as positivas e duradouras no processo.<\/p><\/div>\n\t\t\t\t\t\t\t\t\t\t\t\t\t<\/div>\n                    <\/div>\n\n                \n\t\t\t\t\t<div class=\"wpr-accordion-item-wrap\">\n\t\t\t\t\t\t<button class=\"wpr-acc-button\">\n\t\t\t\t\t\t\t<span class=\"wpr-acc-item-title\">\n\t\t\t\t\t\t\t\t\t\t\t\t\t\t\t\t\t<div class=\"wpr-acc-icon-box\">\n\t\t\t\t\t\t\t\t\t\t\t\t\t\t<span class=\"wpr-title-icon\">\n\t\t\t\t\t<i aria-hidden=\"true\" class=\"fas fa-eye\"><\/i>\t\t\t\t<\/span>\n\t\t\t\t\t\t\t\t\t\t\t\t<\/div>\n\t\t\t\t\t\t\t\t\n\t\t\t\t\t\t\t\t<span class=\"wpr-acc-title-text\">A Nossa Vis\u00e3o<\/span>\n\t\t\t\t\t\t\t<\/span>\n\t\t\t\t\t\t\t\t\t\t\t<span class=\"wpr-toggle-icon wpr-ti-close\"><i aria-hidden=\"true\" class=\"fas fa-plus\"><\/i><\/span>\n\t\t\t\t<span class=\"wpr-toggle-icon wpr-ti-open\"><i aria-hidden=\"true\" class=\"fas fa-minus\"><\/i><\/span>\n\t\t\t\t\t\t\t\t\t<\/button>\n\n\t\t\t\t\t\t<div class=\"wpr-acc-panel\">\n\t\t\t\t\t\t\t\t\t\t\t\t\t\t\t<div class=\"wpr-acc-panel-content\"><p>\u00c9 transformar a realidade das comunidades mais vulner\u00e1veis, criando um futuro onde a <strong>\u201c<\/strong> diversidade e a inclus\u00e3o <strong>\u201d<\/strong>, dignidade e a igualdade de oportunidades sejam garantidas a todos, onde:<\/p><ul><li>A vida de cada crian\u00e7a, jovem e mulher seja bem-sucedida em toda a sua plenitude.<\/li><li>Fornecemos suporte, sustentabilidade para educa\u00e7\u00e3o e bem estar.<\/li><\/ul><ul><li>Oferecemos ora\u00e7\u00e3o para todos os cora\u00e7\u00f5es, dispostos a faz\u00ea-lo com amor.<\/li><li>Vislumbramos um mundo onde cada crian\u00e7a, jovem e adulto experimente a promessa de vida de Jesus em toda a sua plenitude.<\/li><\/ul><\/div>\n\t\t\t\t\t\t\t\t\t\t\t\t\t<\/div>\n                    <\/div>\n\n                \n\t\t\t\t\t<div class=\"wpr-accordion-item-wrap\">\n\t\t\t\t\t\t<button class=\"wpr-acc-button\">\n\t\t\t\t\t\t\t<span class=\"wpr-acc-item-title\">\n\t\t\t\t\t\t\t\t\t\t\t\t\t\t\t\t\t<div class=\"wpr-acc-icon-box\">\n\t\t\t\t\t\t\t\t\t\t\t\t\t\t<span class=\"wpr-title-icon\">\n\t\t\t\t\t<i aria-hidden=\"true\" class=\"fas fa-handshake\"><\/i>\t\t\t\t<\/span>\n\t\t\t\t\t\t\t\t\t\t\t\t<\/div>\n\t\t\t\t\t\t\t\t\n\t\t\t\t\t\t\t\t<span class=\"wpr-acc-title-text\">Os Nossos Valores<\/span>\n\t\t\t\t\t\t\t<\/span>\n\t\t\t\t\t\t\t\t\t\t\t<span class=\"wpr-toggle-icon wpr-ti-close\"><i aria-hidden=\"true\" class=\"fas fa-plus\"><\/i><\/span>\n\t\t\t\t<span class=\"wpr-toggle-icon wpr-ti-open\"><i aria-hidden=\"true\" class=\"fas fa-minus\"><\/i><\/span>\n\t\t\t\t\t\t\t\t\t<\/button>\n\n\t\t\t\t\t\t<div class=\"wpr-acc-panel\">\n\t\t\t\t\t\t\t\t\t\t\t\t\t\t\t<div class=\"wpr-acc-panel-content\"><ul><li>Amor.<\/li><li>Empatia.<\/li><li>Respeito.<\/li><li>Excel\u00eancia.<\/li><li>Resili\u00eancia.<\/li><li>Soliedaridade.<\/li><li>Integridade.<\/li><li>Responsabilidade.<\/li><\/ul><\/div>\n\t\t\t\t\t\t\t\t\t\t\t\t\t<\/div>\n                    <\/div>\n\n                \n\t\t\t\t\t<div class=\"wpr-accordion-item-wrap\">\n\t\t\t\t\t\t<button class=\"wpr-acc-button\">\n\t\t\t\t\t\t\t<span class=\"wpr-acc-item-title\">\n\t\t\t\t\t\t\t\t\t\t\t\t\t\t\t\t\t<div class=\"wpr-acc-icon-box\">\n\t\t\t\t\t\t\t\t\t\t\t\t\t\t<span class=\"wpr-title-icon\">\n\t\t\t\t\t<i aria-hidden=\"true\" class=\"fas fa-hand-holding-medical\"><\/i>\t\t\t\t<\/span>\n\t\t\t\t\t\t\t\t\t\t\t\t<\/div>\n\t\t\t\t\t\t\t\t\n\t\t\t\t\t\t\t\t<span class=\"wpr-acc-title-text\">Os Nossos Objectivos<\/span>\n\t\t\t\t\t\t\t<\/span>\n\t\t\t\t\t\t\t\t\t\t\t<span class=\"wpr-toggle-icon wpr-ti-close\"><i aria-hidden=\"true\" class=\"fas fa-plus\"><\/i><\/span>\n\t\t\t\t<span class=\"wpr-toggle-icon wpr-ti-open\"><i aria-hidden=\"true\" class=\"fas fa-minus\"><\/i><\/span>\n\t\t\t\t\t\t\t\t\t<\/button>\n\n\t\t\t\t\t\t<div class=\"wpr-acc-panel\">\n\t\t\t\t\t\t\t\t\t\t\t\t\t\t\t<div class=\"wpr-acc-panel-content\"><ul><li>Fornecer solu\u00e7\u00f5es e al\u00edvios que ajudem as pessoas afligidas com problemas sociais.<\/li><li>Oferecer solu\u00e7\u00f5es para melhorar a educa\u00e7\u00e3o de uma crian\u00e7a e um jovem que deseja continuar seus estudos.<\/li><li>Levar uma solu\u00e7\u00e3o para uma crian\u00e7a\/jovem que precisa de um lar.<\/li><li>Oferecer uma solu\u00e7\u00e3o a um idoso necessitado.<\/li><li>Capacitar pessoas e comunidades para combater a pobreza e suas causas por meio de abordagens sustent\u00e1veis e transformadoras.<\/li><\/ul><\/div>\n\t\t\t\t\t\t\t\t\t\t\t\t\t<\/div>\n                    <\/div>\n\n                            <\/div>\n        \t\t\t\t<\/div>\n\t\t\t\t<\/div>\n\t\t\t\t\t<\/div>\n\t\t<\/div>\n\t\t\t\t\t<\/div>\n\t\t<\/section>\n\t\t\t\t<section class=\"elementor-section elementor-top-section elementor-element elementor-element-37103d391 elementor-section-boxed elementor-section-height-default elementor-section-height-default wpr-particle-no wpr-jarallax-no wpr-parallax-no wpr-sticky-section-no elementor-invisible\" data-id=\"37103d391\" data-element_type=\"section\" data-e-type=\"section\" data-settings=\"{&quot;animation&quot;:&quot;fadeInUp&quot;,&quot;animation_delay&quot;:400}\">\n\t\t\t\t\t\t<div class=\"elementor-container elementor-column-gap-extended\">\n\t\t\t\t\t<div class=\"elementor-column elementor-col-50 elementor-top-column elementor-element elementor-element-37b3f161\" data-id=\"37b3f161\" data-element_type=\"column\" data-e-type=\"column\">\n\t\t\t<div class=\"elementor-widget-wrap elementor-element-populated\">\n\t\t\t\t\t\t<div class=\"elementor-element elementor-element-fd2022d elementor-invisible elementor-widget elementor-widget-image\" data-id=\"fd2022d\" data-element_type=\"widget\" data-e-type=\"widget\" data-settings=\"{&quot;_animation&quot;:&quot;fadeInUp&quot;,&quot;_animation_delay&quot;:50}\" data-widget_type=\"image.default\">\n\t\t\t\t<div class=\"elementor-widget-container\">\n\t\t\t\t\t\t\t\t\t\t\t\t\t\t\t<img decoding=\"async\" data-src=\"https:\/\/veronasdavit.org\/veronasdavit\/wp-content\/uploads\/elementor\/thumbs\/WEB-QUEM-SOMOS-r7azkn2e0rgkh3gmczczs5ysme2f7i09yomzpudwic.jpg\" title=\"WEB QUEM SOMOS\" alt=\"WEB QUEM SOMOS\" src=\"data:image\/svg+xml;base64,PHN2ZyB3aWR0aD0iMSIgaGVpZ2h0PSIxIiB4bWxucz0iaHR0cDovL3d3dy53My5vcmcvMjAwMC9zdmciPjwvc3ZnPg==\" class=\"lazyload\" style=\"--smush-placeholder-width: 500px; --smush-placeholder-aspect-ratio: 500\/482;\" \/>\t\t\t\t\t\t\t\t\t\t\t\t\t\t\t<\/div>\n\t\t\t\t<\/div>\n\t\t\t\t\t<\/div>\n\t\t<\/div>\n\t\t\t\t<div class=\"elementor-column elementor-col-50 elementor-top-column elementor-element elementor-element-59b7925\" data-id=\"59b7925\" data-element_type=\"column\" data-e-type=\"column\">\n\t\t\t<div class=\"elementor-widget-wrap elementor-element-populated\">\n\t\t\t\t\t\t<div class=\"elementor-element elementor-element-6514266 elementor-invisible elementor-widget elementor-widget-heading\" data-id=\"6514266\" data-element_type=\"widget\" data-e-type=\"widget\" data-settings=\"{&quot;_animation&quot;:&quot;fadeInUp&quot;,&quot;_animation_delay&quot;:100}\" data-widget_type=\"heading.default\">\n\t\t\t\t<div class=\"elementor-widget-container\">\n\t\t\t\t\t<h2 class=\"elementor-heading-title elementor-size-default\">Nossos Projectos Sociais<\/h2>\t\t\t\t<\/div>\n\t\t\t\t<\/div>\n\t\t\t\t<div class=\"elementor-element elementor-element-3de1aa04 elementor-invisible elementor-widget elementor-widget-text-editor\" data-id=\"3de1aa04\" data-element_type=\"widget\" data-e-type=\"widget\" data-settings=\"{&quot;_animation&quot;:&quot;fadeInUp&quot;,&quot;_animation_delay&quot;:150}\" data-widget_type=\"text-editor.default\">\n\t\t\t\t<div class=\"elementor-widget-container\">\n\t\t\t\t\t\t\t\t\t<h5 class=\"elementor-icon-box-title\"><strong>Lar de Acolhimento (desde 2024)<\/strong><\/h5><p class=\"elementor-icon-box-description\">Criado para acolher adolescentes do sexo feminino entre 10 e 18 anos, oferecendo protec\u00e7\u00e3o, orienta\u00e7\u00e3o e oportunidades de desenvolvimento humano e espiritual.<\/p><h5 class=\"elementor-icon-box-title\"><strong>Centro de Forma\u00e7\u00e3o para Jovens Mulheres (2025)<\/strong><\/h5><p class=\"elementor-icon-box-description\">Projecto em fase de implementa\u00e7\u00e3o, com foco na capacita\u00e7\u00e3o de meninas e jovens entre 15 e 25 anos, promovendo habilidades t\u00e9cnicas e o fortalecimento da identidade feminina.<\/p>\t\t\t\t\t\t\t\t<\/div>\n\t\t\t\t<\/div>\n\t\t\t\t<div class=\"elementor-element elementor-element-39983c63 wpr-button-icon-style-inline wpr-button-icon-position-right elementor-invisible elementor-widget elementor-widget-wpr-button\" data-id=\"39983c63\" data-element_type=\"widget\" data-e-type=\"widget\" data-settings=\"{&quot;_animation&quot;:&quot;fadeInUp&quot;,&quot;_animation_delay&quot;:200}\" data-widget_type=\"wpr-button.default\">\n\t\t\t\t<div class=\"elementor-widget-container\">\n\t\t\t\t\t\t\n\t\t\t\n\t\t\n\t\t<div class=\"wpr-button-wrap elementor-clearfix\">\n\t\t<a class=\"wpr-button wpr-button-effect wpr-button-none\" data-text=\"Go\" href=\"https:\/\/veronasdavit.org\/veronasdavit\/nossos-projectos\/\">\n\t\t\t\n\t\t\t<span class=\"wpr-button-content\">\n\t\t\t\t\t\t\t\t\t<span class=\"wpr-button-text\">Saber Mais<\/span>\n\t\t\t\t\t\t\t\t\n\t\t\t\t\t\t\t<\/span>\n\t\t<\/a>\n\n\t\t\t\t<\/div>\n\t\n\t\n\t\t\t\t\t<\/div>\n\t\t\t\t<\/div>\n\t\t\t\t\t<\/div>\n\t\t<\/div>\n\t\t\t\t\t<\/div>\n\t\t<\/section>\n\t\t\t\t<section class=\"elementor-section elementor-top-section elementor-element elementor-element-1fc6b50 animated-slow elementor-section-boxed elementor-section-height-default elementor-section-height-default wpr-particle-no wpr-jarallax-no wpr-parallax-no wpr-sticky-section-no elementor-invisible\" data-id=\"1fc6b50\" data-element_type=\"section\" data-e-type=\"section\" data-settings=\"{&quot;background_background&quot;:&quot;classic&quot;,&quot;animation&quot;:&quot;fadeIn&quot;}\">\n\t\t\t\t\t\t\t<div class=\"elementor-background-overlay\"><\/div>\n\t\t\t\t\t\t\t<div class=\"elementor-container elementor-column-gap-default\">\n\t\t\t\t\t<div class=\"elementor-column elementor-col-100 elementor-top-column elementor-element elementor-element-f2c516b\" data-id=\"f2c516b\" data-element_type=\"column\" data-e-type=\"column\">\n\t\t\t<div class=\"elementor-widget-wrap elementor-element-populated\">\n\t\t\t\t\t\t<div class=\"elementor-element elementor-element-edf74a0 elementor-widget elementor-widget-heading\" data-id=\"edf74a0\" data-element_type=\"widget\" data-e-type=\"widget\" data-widget_type=\"heading.default\">\n\t\t\t\t<div class=\"elementor-widget-container\">\n\t\t\t\t\t<h2 class=\"elementor-heading-title elementor-size-default\">Nossa Lideran\u00e7a<\/h2>\t\t\t\t<\/div>\n\t\t\t\t<\/div>\n\t\t\t\t<div class=\"elementor-element elementor-element-689e161 elementor-widget elementor-widget-text-editor\" data-id=\"689e161\" data-element_type=\"widget\" data-e-type=\"widget\" data-widget_type=\"text-editor.default\">\n\t\t\t\t<div class=\"elementor-widget-container\">\n\t\t\t\t\t\t\t\t\t<h5 style=\"text-align: center;\"><span style=\"color: #ffffff;\">A Associa\u00e7\u00e3o \u00e9 liderada por pessoas dedicadas e comprometidas com a causa social!<\/span><\/h5>\t\t\t\t\t\t\t\t<\/div>\n\t\t\t\t<\/div>\n\t\t\t\t<section data-wpr-sticky-section=\"yes\" data-wpr-position-type=\"sticky\" data-wpr-position-offset=\"0\" data-wpr-position-location=\"top\" data-wpr-sticky-devices=\"desktop_sticky\" data-wpr-custom-breakpoints=\"default\" data-wpr-active-breakpoints=\"mobile_sticky tablet_sticky desktop_sticky\" data-wpr-z-index=\"10\" data-wpr-sticky-hide=\"\" data-wpr-replace-header=\"\" data-wpr-animation-duration=\"\" data-wpr-sticky-type=\"sticky\" class=\"elementor-section elementor-inner-section elementor-element elementor-element-5d7b08f elementor-section-full_width wpr-sticky-section-yes elementor-section-height-default elementor-section-height-default wpr-particle-no wpr-jarallax-no wpr-parallax-no\" data-id=\"5d7b08f\" data-element_type=\"section\" data-e-type=\"section\" data-settings=\"{&quot;position_offset&quot;:0,&quot;position_offset_tablet&quot;:0,&quot;position_offset_mobile&quot;:0}\">\n\t\t\t\t\t\t<div class=\"elementor-container elementor-column-gap-default\">\n\t\t\t\t\t<div class=\"elementor-column elementor-col-20 elementor-inner-column elementor-element elementor-element-b3ccf7a elementor-invisible\" data-id=\"b3ccf7a\" data-element_type=\"column\" data-e-type=\"column\" data-settings=\"{&quot;animation&quot;:&quot;slideInUp&quot;}\">\n\t\t\t<div class=\"elementor-widget-wrap elementor-element-populated\">\n\t\t\t\t\t\t<div class=\"elementor-element elementor-element-3fc7827 elementor-widget elementor-widget-team_addon\" data-id=\"3fc7827\" data-element_type=\"widget\" data-e-type=\"widget\" data-widget_type=\"team_addon.default\">\n\t\t\t\t<div class=\"elementor-widget-container\">\n\t\t\t\t\t        <div id=\"team69ebc110c1fd9\" class=\"team\">\r\n            <div class=\"team__image\">\r\n                <img decoding=\"async\" data-src=\"https:\/\/veronasdavit.org\/veronasdavit\/wp-content\/uploads\/2025\/05\/VERONICA-MABANGA-CEO-scaled.jpg\" alt=\"Ver\u00f3nica Mabanga\" src=\"data:image\/svg+xml;base64,PHN2ZyB3aWR0aD0iMSIgaGVpZ2h0PSIxIiB4bWxucz0iaHR0cDovL3d3dy53My5vcmcvMjAwMC9zdmciPjwvc3ZnPg==\" class=\"lazyload\" style=\"--smush-placeholder-width: 2175px; --smush-placeholder-aspect-ratio: 2175\/2560;\">\r\n                <div class=\"team__overley\">\r\n                    <div class=\"team__social\">\r\n                        <a href=\"javascript:void();\">\r\n                            <i class=\"fas fa-reply fa-flip-horizontal\"><\/i>\r\n                            <ul>\r\n                                <li><a href=\"\" target=\"_blank\"><i class=\"fab fa-facebook-f\"><\/i><\/a><\/li><li><a href=\"\" target=\"_blank\"><i class=\"fab fa-instagram\"><\/i><\/a><\/li>                            <\/ul>\r\n                        <\/a>\r\n                    <\/div>\r\n                <\/div>\r\n            <\/div>\r\n            <div class=\"team__content\">\r\n                <h4><a href=\"#\"  target=\"_blank\"  rel=\"nofollow\">Ver\u00f3nica Mabanga<\/a><\/h4>                <span>Fundadora e Directora Geral<\/span>\r\n            <\/div>\r\n        <\/div>\r\n\t\t\t\t<\/div>\n\t\t\t\t<\/div>\n\t\t\t\t\t<\/div>\n\t\t<\/div>\n\t\t\t\t<div class=\"elementor-column elementor-col-20 elementor-inner-column elementor-element elementor-element-2da275c elementor-invisible\" data-id=\"2da275c\" data-element_type=\"column\" data-e-type=\"column\" data-settings=\"{&quot;animation&quot;:&quot;slideInUp&quot;}\">\n\t\t\t<div class=\"elementor-widget-wrap elementor-element-populated\">\n\t\t\t\t\t\t<div class=\"elementor-element elementor-element-8138005 elementor-widget elementor-widget-team_addon\" data-id=\"8138005\" data-element_type=\"widget\" data-e-type=\"widget\" data-widget_type=\"team_addon.default\">\n\t\t\t\t<div class=\"elementor-widget-container\">\n\t\t\t\t\t        <div id=\"team69ebc110c22bb\" class=\"team\">\r\n            <div class=\"team__image\">\r\n                <img decoding=\"async\" data-src=\"https:\/\/veronasdavit.org\/veronasdavit\/wp-content\/uploads\/2025\/05\/TOMAS-PAXE-MEMBRO-DO-CONSELHO-DE-DIRECAO-1-scaled.jpg\" alt=\"Tom\u00e1s Paxe\" src=\"data:image\/svg+xml;base64,PHN2ZyB3aWR0aD0iMSIgaGVpZ2h0PSIxIiB4bWxucz0iaHR0cDovL3d3dy53My5vcmcvMjAwMC9zdmciPjwvc3ZnPg==\" class=\"lazyload\" style=\"--smush-placeholder-width: 2175px; --smush-placeholder-aspect-ratio: 2175\/2560;\">\r\n                <div class=\"team__overley\">\r\n                    <div class=\"team__social\">\r\n                        <a href=\"javascript:void();\">\r\n                            <i class=\"fas fa-reply fa-flip-horizontal\"><\/i>\r\n                            <ul>\r\n                                <li><a href=\"\" target=\"_blank\"><i class=\"fab fa-facebook-f\"><\/i><\/a><\/li><li><a href=\"\" target=\"_blank\"><i class=\"fab fa-instagram\"><\/i><\/a><\/li>                            <\/ul>\r\n                        <\/a>\r\n                    <\/div>\r\n                <\/div>\r\n            <\/div>\r\n            <div class=\"team__content\">\r\n                <h4><a href=\"#\"  target=\"_blank\"  rel=\"nofollow\">Tom\u00e1s Paxe<\/a><\/h4>                <span>Presidente do Conselho de Direc\u00e7\u00e3o<\/span>\r\n            <\/div>\r\n        <\/div>\r\n\t\t\t\t<\/div>\n\t\t\t\t<\/div>\n\t\t\t\t\t<\/div>\n\t\t<\/div>\n\t\t\t\t<div class=\"elementor-column elementor-col-20 elementor-inner-column elementor-element elementor-element-5b2a08d elementor-invisible\" data-id=\"5b2a08d\" data-element_type=\"column\" data-e-type=\"column\" data-settings=\"{&quot;animation&quot;:&quot;slideInUp&quot;}\">\n\t\t\t<div class=\"elementor-widget-wrap elementor-element-populated\">\n\t\t\t\t\t\t<div class=\"elementor-element elementor-element-2aeab3e elementor-widget elementor-widget-team_addon\" data-id=\"2aeab3e\" data-element_type=\"widget\" data-e-type=\"widget\" data-widget_type=\"team_addon.default\">\n\t\t\t\t<div class=\"elementor-widget-container\">\n\t\t\t\t\t        <div id=\"team69ebc110c256a\" class=\"team\">\r\n            <div class=\"team__image\">\r\n                <img decoding=\"async\" data-src=\"https:\/\/veronasdavit.org\/veronasdavit\/wp-content\/uploads\/2025\/05\/Cleusio-Pinto-scaled.jpeg\" alt=\"Cleusio Pinto \" src=\"data:image\/svg+xml;base64,PHN2ZyB3aWR0aD0iMSIgaGVpZ2h0PSIxIiB4bWxucz0iaHR0cDovL3d3dy53My5vcmcvMjAwMC9zdmciPjwvc3ZnPg==\" class=\"lazyload\" style=\"--smush-placeholder-width: 2175px; --smush-placeholder-aspect-ratio: 2175\/2560;\">\r\n                <div class=\"team__overley\">\r\n                    <div class=\"team__social\">\r\n                        <a href=\"javascript:void();\">\r\n                            <i class=\"fas fa-reply fa-flip-horizontal\"><\/i>\r\n                            <ul>\r\n                                <li><a href=\"\" target=\"_blank\"><i class=\"fab fa-facebook-f\"><\/i><\/a><\/li><li><a href=\"\" target=\"_blank\"><i class=\"fab fa-instagram\"><\/i><\/a><\/li>                            <\/ul>\r\n                        <\/a>\r\n                    <\/div>\r\n                <\/div>\r\n            <\/div>\r\n            <div class=\"team__content\">\r\n                <h4><a href=\"#\"  target=\"_blank\"  rel=\"nofollow\">Cleusio Pinto <\/a><\/h4>                <span>Director Administrativo<\/span>\r\n            <\/div>\r\n        <\/div>\r\n\t\t\t\t<\/div>\n\t\t\t\t<\/div>\n\t\t\t\t\t<\/div>\n\t\t<\/div>\n\t\t\t\t<div class=\"elementor-column elementor-col-20 elementor-inner-column elementor-element elementor-element-b3b3d38 elementor-invisible\" data-id=\"b3b3d38\" data-element_type=\"column\" data-e-type=\"column\" data-settings=\"{&quot;animation&quot;:&quot;slideInUp&quot;}\">\n\t\t\t<div class=\"elementor-widget-wrap elementor-element-populated\">\n\t\t\t\t\t\t<div class=\"elementor-element elementor-element-4bd137a elementor-widget elementor-widget-team_addon\" data-id=\"4bd137a\" data-element_type=\"widget\" data-e-type=\"widget\" data-widget_type=\"team_addon.default\">\n\t\t\t\t<div class=\"elementor-widget-container\">\n\t\t\t\t\t        <div id=\"team69ebc110c27f3\" class=\"team\">\r\n            <div class=\"team__image\">\r\n                <img decoding=\"async\" data-src=\"https:\/\/veronasdavit.org\/veronasdavit\/wp-content\/uploads\/2025\/05\/Manuel-Andre-scaled.jpeg\" alt=\"Manuel Andr\u00e9\" src=\"data:image\/svg+xml;base64,PHN2ZyB3aWR0aD0iMSIgaGVpZ2h0PSIxIiB4bWxucz0iaHR0cDovL3d3dy53My5vcmcvMjAwMC9zdmciPjwvc3ZnPg==\" class=\"lazyload\" style=\"--smush-placeholder-width: 2175px; --smush-placeholder-aspect-ratio: 2175\/2560;\">\r\n                <div class=\"team__overley\">\r\n                    <div class=\"team__social\">\r\n                        <a href=\"javascript:void();\">\r\n                            <i class=\"fas fa-reply fa-flip-horizontal\"><\/i>\r\n                            <ul>\r\n                                <li><a href=\"\" target=\"_blank\"><i class=\"fab fa-facebook-f\"><\/i><\/a><\/li><li><a href=\"\" target=\"_blank\"><i class=\"fab fa-instagram\"><\/i><\/a><\/li>                            <\/ul>\r\n                        <\/a>\r\n                    <\/div>\r\n                <\/div>\r\n            <\/div>\r\n            <div class=\"team__content\">\r\n                <h4><a href=\"#\"  target=\"_blank\"  rel=\"nofollow\">Manuel Andr\u00e9<\/a><\/h4>                <span>Gestor de Projectos<\/span>\r\n            <\/div>\r\n        <\/div>\r\n\t\t\t\t<\/div>\n\t\t\t\t<\/div>\n\t\t\t\t\t<\/div>\n\t\t<\/div>\n\t\t\t\t<div class=\"elementor-column elementor-col-20 elementor-inner-column elementor-element elementor-element-88aecf0 elementor-invisible\" data-id=\"88aecf0\" data-element_type=\"column\" data-e-type=\"column\" data-settings=\"{&quot;animation&quot;:&quot;slideInUp&quot;}\">\n\t\t\t<div class=\"elementor-widget-wrap elementor-element-populated\">\n\t\t\t\t\t\t<div class=\"elementor-element elementor-element-3dcb000 elementor-widget elementor-widget-team_addon\" data-id=\"3dcb000\" data-element_type=\"widget\" data-e-type=\"widget\" data-widget_type=\"team_addon.default\">\n\t\t\t\t<div class=\"elementor-widget-container\">\n\t\t\t\t\t        <div id=\"team69ebc110c2a82\" class=\"team\">\r\n            <div class=\"team__image\">\r\n                <img decoding=\"async\" data-src=\"https:\/\/veronasdavit.org\/veronasdavit\/wp-content\/uploads\/2025\/05\/Clementina-Cumbo-scaled.jpeg\" alt=\"Clementina Cumbo\" src=\"data:image\/svg+xml;base64,PHN2ZyB3aWR0aD0iMSIgaGVpZ2h0PSIxIiB4bWxucz0iaHR0cDovL3d3dy53My5vcmcvMjAwMC9zdmciPjwvc3ZnPg==\" class=\"lazyload\" style=\"--smush-placeholder-width: 2175px; --smush-placeholder-aspect-ratio: 2175\/2560;\">\r\n                <div class=\"team__overley\">\r\n                    <div class=\"team__social\">\r\n                        <a href=\"javascript:void();\">\r\n                            <i class=\"fas fa-reply fa-flip-horizontal\"><\/i>\r\n                            <ul>\r\n                                <li><a href=\"\" target=\"_blank\"><i class=\"fab fa-facebook-f\"><\/i><\/a><\/li><li><a href=\"\" target=\"_blank\"><i class=\"fab fa-instagram\"><\/i><\/a><\/li>                            <\/ul>\r\n                        <\/a>\r\n                    <\/div>\r\n                <\/div>\r\n            <\/div>\r\n            <div class=\"team__content\">\r\n                <h4><a href=\"#\"  target=\"_blank\"  rel=\"nofollow\">Clementina Cumbo<\/a><\/h4>                <span>Conselheira<\/span>\r\n            <\/div>\r\n        <\/div>\r\n\t\t\t\t<\/div>\n\t\t\t\t<\/div>\n\t\t\t\t\t<\/div>\n\t\t<\/div>\n\t\t\t\t\t<\/div>\n\t\t<\/section>\n\t\t\t\t\t<\/div>\n\t\t<\/div>\n\t\t\t\t\t<\/div>\n\t\t<\/section>\n\t\t\t\t<section class=\"elementor-section elementor-top-section elementor-element elementor-element-94f9755 elementor-section-boxed elementor-section-height-default elementor-section-height-default wpr-particle-no wpr-jarallax-no wpr-parallax-no wpr-sticky-section-no\" data-id=\"94f9755\" data-element_type=\"section\" data-e-type=\"section\" data-settings=\"{&quot;background_background&quot;:&quot;classic&quot;}\">\n\t\t\t\t\t\t<div class=\"elementor-container elementor-column-gap-default\">\n\t\t\t\t\t<div class=\"elementor-column elementor-col-100 elementor-top-column elementor-element elementor-element-3956c6c\" data-id=\"3956c6c\" data-element_type=\"column\" data-e-type=\"column\">\n\t\t\t<div class=\"elementor-widget-wrap elementor-element-populated\">\n\t\t\t\t\t\t<div class=\"elementor-element elementor-element-783815a elementor-invisible elementor-widget elementor-widget-heading\" data-id=\"783815a\" data-element_type=\"widget\" data-e-type=\"widget\" data-settings=\"{&quot;_animation&quot;:&quot;fadeInUp&quot;}\" data-widget_type=\"heading.default\">\n\t\t\t\t<div class=\"elementor-widget-container\">\n\t\t\t\t\t<h2 class=\"elementor-heading-title elementor-size-default\">Depoimentos<\/h2>\t\t\t\t<\/div>\n\t\t\t\t<\/div>\n\t\t\t\t<div class=\"elementor-element elementor-element-d4c8af2 animated-slow elementor-invisible elementor-widget elementor-widget-heading\" data-id=\"d4c8af2\" data-element_type=\"widget\" data-e-type=\"widget\" data-settings=\"{&quot;_animation&quot;:&quot;fadeInUp&quot;}\" data-widget_type=\"heading.default\">\n\t\t\t\t<div class=\"elementor-widget-container\">\n\t\t\t\t\t<h3 class=\"elementor-heading-title elementor-size-default\">Nossos Colaboradores Felizes<\/h3>\t\t\t\t<\/div>\n\t\t\t\t<\/div>\n\t\t\t\t<div class=\"elementor-element elementor-element-99bea66 elementor-invisible elementor-widget elementor-widget-testimonial_addon\" data-id=\"99bea66\" data-element_type=\"widget\" data-e-type=\"widget\" data-settings=\"{&quot;_animation&quot;:&quot;fadeInUp&quot;,&quot;_animation_delay&quot;:400}\" data-widget_type=\"testimonial_addon.default\">\n\t\t\t\t<div class=\"elementor-widget-container\">\n\t\t\t\t\t    <div id=\"testimonial-wrap-69ebc110c2dff\" class=\"testimonial-wrap\">\r\n        <div id=\"69ebc110c2dff\" class=\"testimonial owl-carousel owl-sadaka sadakaTestimonial\" data-options=\"{&quot;item_count&quot;:1,&quot;autoplay&quot;:true,&quot;nav&quot;:&quot;true&quot;,&quot;dots&quot;:&quot;true&quot;,&quot;loop&quot;:true,&quot;spacing&quot;:10,&quot;speed&quot;:1100,&quot;timeout&quot;:6000}\">\r\n        \r\n            <div class=\"testimonial__item style-2\">\r\n                                <div class=\"testimonial__image\"><img decoding=\"async\" data-src=\"http:\/\/veronasdavit.org\/wp-content\/uploads\/2023\/02\/IMG_20190808_122827-scaled.jpg\" alt=\"\" src=\"data:image\/svg+xml;base64,PHN2ZyB3aWR0aD0iMSIgaGVpZ2h0PSIxIiB4bWxucz0iaHR0cDovL3d3dy53My5vcmcvMjAwMC9zdmciPjwvc3ZnPg==\" class=\"lazyload\"><\/div>\r\n                                <div class=\"testimonial__content\">\r\n                                        <div class=\"testimonial__quote-img\"><img decoding=\"async\" data-src=\"https:\/\/veronasdavit.org\/veronasdavit\/wp-content\/plugins\/sadaka-core\/assets\/img\/quote-img.png\" alt=\"\" src=\"data:image\/svg+xml;base64,PHN2ZyB3aWR0aD0iMSIgaGVpZ2h0PSIxIiB4bWxucz0iaHR0cDovL3d3dy53My5vcmcvMjAwMC9zdmciPjwvc3ZnPg==\" class=\"lazyload\"><\/div>\r\n                                        <p class=\"testimonial__taxt\">Donativos aos mais desfavorecidos, como crian\u00e7as sem acesso \u00e0 escola e fam\u00edlias sem-abrigo em Barra de Kuanza, na prov\u00edncia de Luanda - Angola<\/p>\r\n                    <div class=\"testimonial__meta\">\r\n                                                <div class=\"testimonial__meta-info\">\r\n                            <h4 class=\"testimonial__name\">Barra do Kuanza<\/h4>\r\n                            <span class=\"testimonial__position\">Volunt\u00e1rio<\/span>\r\n                        <\/div>\r\n                    <\/div>\r\n                <\/div>\r\n            <\/div>\r\n\r\n        \r\n            <div class=\"testimonial__item style-2\">\r\n                                <div class=\"testimonial__image\"><img decoding=\"async\" data-src=\"http:\/\/veronasdavit.org\/wp-content\/uploads\/2023\/02\/IMG_20191119_164002.jpg\" alt=\"\" src=\"data:image\/svg+xml;base64,PHN2ZyB3aWR0aD0iMSIgaGVpZ2h0PSIxIiB4bWxucz0iaHR0cDovL3d3dy53My5vcmcvMjAwMC9zdmciPjwvc3ZnPg==\" class=\"lazyload\"><\/div>\r\n                                <div class=\"testimonial__content\">\r\n                                        <div class=\"testimonial__quote-img\"><img decoding=\"async\" data-src=\"https:\/\/veronasdavit.org\/veronasdavit\/wp-content\/plugins\/sadaka-core\/assets\/img\/quote-img.png\" alt=\"\" src=\"data:image\/svg+xml;base64,PHN2ZyB3aWR0aD0iMSIgaGVpZ2h0PSIxIiB4bWxucz0iaHR0cDovL3d3dy53My5vcmcvMjAwMC9zdmciPjwvc3ZnPg==\" class=\"lazyload\"><\/div>\r\n                                        <p class=\"testimonial__taxt\">Donativos aos mais desfavorecidos, como crian\u00e7as sem acesso \u00e0 escola e fam\u00edlias sem-abrigo em Barra de Kuanza, na prov\u00edncia de Luanda - Angola<\/p>\r\n                    <div class=\"testimonial__meta\">\r\n                                                <div class=\"testimonial__meta-info\">\r\n                            <h4 class=\"testimonial__name\">Veronas Davit<\/h4>\r\n                            <span class=\"testimonial__position\">Volunt\u00e1rio<\/span>\r\n                        <\/div>\r\n                    <\/div>\r\n                <\/div>\r\n            <\/div>\r\n\r\n                <\/div>\r\n\r\n                <div class=\"owl-sadaka\">\r\n            <div id=\"next-69ebc110c2dff\" class=\"nav-controls next\">\r\n                <i class=\"fas fa-chevron-right\"><\/i>\r\n            <\/div>\r\n            <div id=\"prev-69ebc110c2dff\" class=\"nav-controls prev\">\r\n                <i class=\"fas fa-chevron-left\"><\/i>\r\n            <\/div>\r\n        <\/div>\r\n            <\/div>\r\n    \t\t\t\t<\/div>\n\t\t\t\t<\/div>\n\t\t\t\t\t<\/div>\n\t\t<\/div>\n\t\t\t\t\t<\/div>\n\t\t<\/section>\n\t\t\t\t<section class=\"elementor-section elementor-top-section elementor-element elementor-element-f7059ad elementor-section-boxed elementor-section-height-default elementor-section-height-default wpr-particle-no wpr-jarallax-no wpr-parallax-no wpr-sticky-section-no\" data-id=\"f7059ad\" data-element_type=\"section\" data-e-type=\"section\">\n\t\t\t\t\t\t<div class=\"elementor-container elementor-column-gap-default\">\n\t\t\t\t\t<div class=\"elementor-column elementor-col-100 elementor-top-column elementor-element elementor-element-3700351\" data-id=\"3700351\" data-element_type=\"column\" data-e-type=\"column\">\n\t\t\t<div class=\"elementor-widget-wrap elementor-element-populated\">\n\t\t\t\t\t\t<div class=\"elementor-element elementor-element-72a0676 elementor-invisible elementor-widget elementor-widget-heading\" data-id=\"72a0676\" data-element_type=\"widget\" data-e-type=\"widget\" data-settings=\"{&quot;_animation&quot;:&quot;fadeInLeft&quot;,&quot;_animation_delay&quot;:200}\" data-widget_type=\"heading.default\">\n\t\t\t\t<div class=\"elementor-widget-container\">\n\t\t\t\t\t<h2 class=\"elementor-heading-title elementor-size-default\">Convite \u00e0 Parceria<\/h2>\t\t\t\t<\/div>\n\t\t\t\t<\/div>\n\t\t\t\t<div class=\"elementor-element elementor-element-4cd26fc elementor-widget-divider--view-line elementor-invisible elementor-widget elementor-widget-divider\" data-id=\"4cd26fc\" data-element_type=\"widget\" data-e-type=\"widget\" data-settings=\"{&quot;_animation&quot;:&quot;slideInLeft&quot;}\" data-widget_type=\"divider.default\">\n\t\t\t\t<div class=\"elementor-widget-container\">\n\t\t\t\t\t\t\t<div class=\"elementor-divider\">\n\t\t\t<span class=\"elementor-divider-separator\">\n\t\t\t\t\t\t<\/span>\n\t\t<\/div>\n\t\t\t\t\t\t<\/div>\n\t\t\t\t<\/div>\n\t\t\t\t<div class=\"elementor-element elementor-element-d8e62a2 elementor-invisible elementor-widget elementor-widget-text-editor\" data-id=\"d8e62a2\" data-element_type=\"widget\" data-e-type=\"widget\" data-settings=\"{&quot;_animation&quot;:&quot;fadeInLeft&quot;,&quot;_animation_delay&quot;:500}\" data-widget_type=\"text-editor.default\">\n\t\t\t\t<div class=\"elementor-widget-container\">\n\t\t\t\t\t\t\t\t\t<p>Convidamos voc\u00ea a fazer parte da nossa miss\u00e3o. Seja parceiro, volunt\u00e1rio ou patrocinador e ajude-nos a ampliar o impacto social em Angola. Juntos, podemos construir um futuro mais justo, inclusivo e promissor para as gera\u00e7\u00f5es presentes e futuras.<\/p>\t\t\t\t\t\t\t\t<\/div>\n\t\t\t\t<\/div>\n\t\t\t\t<div class=\"elementor-element elementor-element-7c97f41 elementor-align-center elementor-tablet-align-left elementor-mobile-align-justify elementor-invisible elementor-widget elementor-widget-button\" data-id=\"7c97f41\" data-element_type=\"widget\" data-e-type=\"widget\" data-settings=\"{&quot;_animation&quot;:&quot;slideInLeft&quot;}\" data-widget_type=\"button.default\">\n\t\t\t\t<div class=\"elementor-widget-container\">\n\t\t\t\t\t\t\t\t\t<div class=\"elementor-button-wrapper\">\n\t\t\t\t\t<a class=\"elementor-button elementor-button-link elementor-size-sm elementor-animation-grow\" href=\"https:\/\/veronasdavit.org\/veronasdavit\/contactos\/\">\n\t\t\t\t\t\t<span class=\"elementor-button-content-wrapper\">\n\t\t\t\t\t\t<span class=\"elementor-button-icon\">\n\t\t\t\t<i aria-hidden=\"true\" class=\"fas fa-hands-helping\"><\/i>\t\t\t<\/span>\n\t\t\t\t\t\t\t\t\t<span class=\"elementor-button-text\">Eu Quero Ser Parceiro<\/span>\n\t\t\t\t\t<\/span>\n\t\t\t\t\t<\/a>\n\t\t\t\t<\/div>\n\t\t\t\t\t\t\t\t<\/div>\n\t\t\t\t<\/div>\n\t\t\t\t\t<\/div>\n\t\t<\/div>\n\t\t\t\t\t<\/div>\n\t\t<\/section>\n\t\t\t\t<\/div>\n\t\t\n    <div class=\"xs_social_share_widget xs_share_url after_content \t\tmain_content  wslu-style-1 wslu-share-box-shaped wslu-fill-colored wslu-none wslu-share-horizontal wslu-theme-font-no wslu-main_content\">\n\n\t\t\n        <ul>\n\t\t\t        <\/ul>\n    <\/div> \n","protected":false},"excerpt":{"rendered":"<p>Quem Somos ? De pessoas para pessoas A Associa\u00e7\u00e3o Veronas Davit \u00e9 uma organiza\u00e7\u00e3o sem fins lucrativos, fundada com a miss\u00e3o de promover a inclus\u00e3o social, educa\u00e7\u00e3o, empoderamento feminino e o desenvolvimento comunit\u00e1rio em Angola. Sediada em Luanda e oficialmente ativa desde 2017, a Associa\u00e7\u00e3o nasceu de um profundo compromisso humano e espiritual com as comunidades mais vulner\u00e1veis. Inspirada pelo lema \u201cDe pessoas para pessoas\u201d, a Veronas Davit acredita que a transforma\u00e7\u00e3o social come\u00e7a com pequenos gestos de solidariedade, que somados, geram grandes mudan\u00e7as. Saiba Mais Historial Ver\u00f3nica Mabanga \u00e9 a vision\u00e1ria \u200b\u200be Directora Geral da Associa\u00e7\u00e3o Veronas Davit. Desde o in\u00edcio do projecto em 2017, Ver\u00f3nica tem participado no esfor\u00e7o de angaria\u00e7\u00e3o de fundos para sustentar diferentes apoios sociais em Angola. Nos primeiros 5 anos, trabalhou como volunt\u00e1ria. Em 2023, dedicou o seu tempo \u00e0 constru\u00e7\u00e3o das actividades de angaria\u00e7\u00e3o de fundos da Associa\u00e7\u00e3o Veronas Davit para diferentes projectos sociais em Angola . Cumprimos Nossos Encargos A Nossa Miss\u00e3o \u00c9 Mais do que uma declara\u00e7\u00e3o, a nossa miss\u00e3o \u00e9 um chamado \u00e0 a\u00e7\u00e3o para criar um futuro onde cada vida possa florescer, impulsionada pela educa\u00e7\u00e3o, empoderamento e inclus\u00e3o, onde: Fizemos parceria com pessoas cuja miss\u00e3o \u00e9 baseada em um compromisso de soliedaredade , trabalhando com os pobres e oprimidos para promover a transforma\u00e7\u00e3o humana, buscar justi\u00e7a atrav\u00e9s de um compromisso integrado. Transforma\u00e7\u00e3o e desenvolvimento de pessoas, em comunidades e abastecimento sustent\u00e1vel, com foco especial nas necessidades de crian\u00e7as, jovens e mulheres. As atividades da Associa\u00e7\u00e3o Veronas Davit, juntamente com as pessoas nas comunidades onde trabalhamos e parceiros voluntarios, continuar\u00e3o a apoiar as pessoas em seus esfor\u00e7os para alcan\u00e7ar\u00a0 os\u00a0 objetivos\u00a0 de desenvolvimento sustent\u00e1vel, criando mudan\u00e7as positivas e duradouras no processo. A Nossa Vis\u00e3o \u00c9 transformar a realidade das comunidades mais vulner\u00e1veis, criando um futuro onde a \u201c diversidade e a inclus\u00e3o \u201d, dignidade e a igualdade de oportunidades sejam garantidas a todos, onde: A vida de cada crian\u00e7a, jovem e mulher seja bem-sucedida em toda a sua plenitude. Fornecemos suporte, sustentabilidade para educa\u00e7\u00e3o e bem estar. Oferecemos ora\u00e7\u00e3o para todos os cora\u00e7\u00f5es, dispostos a faz\u00ea-lo com amor. Vislumbramos um mundo onde cada crian\u00e7a, jovem e adulto experimente a promessa de vida de Jesus em toda a sua plenitude. Os Nossos Valores Amor. Empatia. Respeito. Excel\u00eancia. Resili\u00eancia. Soliedaridade. Integridade. Responsabilidade. Os Nossos Objectivos Fornecer solu\u00e7\u00f5es e al\u00edvios que ajudem as pessoas afligidas com problemas sociais. Oferecer solu\u00e7\u00f5es para melhorar a educa\u00e7\u00e3o de uma crian\u00e7a e um jovem que deseja continuar seus estudos. Levar uma solu\u00e7\u00e3o para uma crian\u00e7a\/jovem que precisa de um lar. Oferecer uma solu\u00e7\u00e3o a um idoso necessitado. Capacitar pessoas e comunidades para combater a pobreza e suas causas por meio de abordagens sustent\u00e1veis e transformadoras. Nossos Projectos Sociais Lar de Acolhimento (desde 2024) Criado para acolher adolescentes do sexo feminino entre 10 e 18 anos, oferecendo protec\u00e7\u00e3o, orienta\u00e7\u00e3o e oportunidades de desenvolvimento humano e espiritual. Centro de Forma\u00e7\u00e3o para Jovens Mulheres (2025) Projecto em fase de implementa\u00e7\u00e3o, com foco na capacita\u00e7\u00e3o de meninas e jovens entre 15 e 25 anos, promovendo habilidades t\u00e9cnicas e o fortalecimento da identidade feminina. Saber Mais Nossa Lideran\u00e7a A Associa\u00e7\u00e3o \u00e9 liderada por pessoas dedicadas e comprometidas com a causa social! Ver\u00f3nica Mabanga Fundadora e Directora Geral Tom\u00e1s Paxe Presidente do Conselho de Direc\u00e7\u00e3o Cleusio Pinto Director Administrativo Manuel Andr\u00e9 Gestor de Projectos Clementina Cumbo Conselheira Depoimentos Nossos Colaboradores Felizes Donativos aos mais desfavorecidos, como crian\u00e7as sem acesso \u00e0 escola e fam\u00edlias sem-abrigo em Barra de Kuanza, na prov\u00edncia de Luanda &#8211; Angola Barra do Kuanza Volunt\u00e1rio Donativos aos mais desfavorecidos, como crian\u00e7as sem acesso \u00e0 escola e fam\u00edlias sem-abrigo em Barra de Kuanza, na prov\u00edncia de Luanda &#8211; Angola Veronas Davit Volunt\u00e1rio Convite \u00e0 Parceria Convidamos voc\u00ea a fazer parte da nossa miss\u00e3o. Seja parceiro, volunt\u00e1rio ou patrocinador e ajude-nos a ampliar o impacto social em Angola. Juntos, podemos construir um futuro mais justo, inclusivo e promissor para as gera\u00e7\u00f5es presentes e futuras. Eu Quero Ser Parceiro<\/p>\n","protected":false},"author":1,"featured_media":0,"parent":0,"menu_order":0,"comment_status":"closed","ping_status":"closed","template":"tpl-fullwidth.php","meta":{"_acf_changed":false,"give_campaign_id":0,"postBodyCss":"","postBodyMargin":[],"postBodyPadding":[],"postBodyBackground":{"backgroundType":"classic","gradient":""},"footnotes":""},"class_list":["post-2554","page","type-page","status-publish","hentry"],"acf":[],"campaignId":"0","_links":{"self":[{"href":"https:\/\/veronasdavit.org\/veronasdavit\/wp-json\/wp\/v2\/pages\/2554","targetHints":{"allow":["GET"]}}],"collection":[{"href":"https:\/\/veronasdavit.org\/veronasdavit\/wp-json\/wp\/v2\/pages"}],"about":[{"href":"https:\/\/veronasdavit.org\/veronasdavit\/wp-json\/wp\/v2\/types\/page"}],"author":[{"embeddable":true,"href":"https:\/\/veronasdavit.org\/veronasdavit\/wp-json\/wp\/v2\/users\/1"}],"replies":[{"embeddable":true,"href":"https:\/\/veronasdavit.org\/veronasdavit\/wp-json\/wp\/v2\/comments?post=2554"}],"version-history":[{"count":582,"href":"https:\/\/veronasdavit.org\/veronasdavit\/wp-json\/wp\/v2\/pages\/2554\/revisions"}],"predecessor-version":[{"id":4440,"href":"https:\/\/veronasdavit.org\/veronasdavit\/wp-json\/wp\/v2\/pages\/2554\/revisions\/4440"}],"wp:attachment":[{"href":"https:\/\/veronasdavit.org\/veronasdavit\/wp-json\/wp\/v2\/media?parent=2554"}],"curies":[{"name":"wp","href":"https:\/\/api.w.org\/{rel}","templated":true}]}}