{"id":2191,"date":"2025-05-07T16:04:25","date_gmt":"2025-05-07T15:04:25","guid":{"rendered":"https:\/\/veronasdavit.org\/veronasdavit\/?page_id=2191"},"modified":"2025-06-29T08:40:30","modified_gmt":"2025-06-29T07:40:30","slug":"home-2","status":"publish","type":"page","link":"https:\/\/veronasdavit.org\/veronasdavit\/","title":{"rendered":"Home"},"content":{"rendered":"\t\t<div data-elementor-type=\"wp-page\" data-elementor-id=\"2191\" class=\"elementor elementor-2191\">\n\t\t\t\t\t\t<section class=\"elementor-section elementor-top-section elementor-element elementor-element-f2f879f elementor-section-full_width elementor-section-height-default elementor-section-height-default wpr-particle-no wpr-jarallax-no wpr-parallax-no wpr-sticky-section-no\" data-id=\"f2f879f\" data-element_type=\"section\" data-e-type=\"section\" data-settings=\"{&quot;background_background&quot;:&quot;slideshow&quot;,&quot;background_slideshow_gallery&quot;:[{&quot;id&quot;:2104,&quot;url&quot;:&quot;https:\\\/\\\/veronasdavit.org\\\/veronasdavit\\\/wp-content\\\/uploads\\\/2024\\\/09\\\/Destaque-9.jpg&quot;},{&quot;id&quot;:2115,&quot;url&quot;:&quot;https:\\\/\\\/veronasdavit.org\\\/veronasdavit\\\/wp-content\\\/uploads\\\/2024\\\/09\\\/IMG-20240618-WA0173.jpg&quot;},{&quot;id&quot;:2103,&quot;url&quot;:&quot;https:\\\/\\\/veronasdavit.org\\\/veronasdavit\\\/wp-content\\\/uploads\\\/2024\\\/09\\\/Destaque-4.jpg&quot;},{&quot;id&quot;:1981,&quot;url&quot;:&quot;https:\\\/\\\/veronasdavit.org\\\/veronasdavit\\\/wp-content\\\/uploads\\\/2023\\\/02\\\/FB_IMG_1574860638834.jpg&quot;},{&quot;id&quot;:2113,&quot;url&quot;:&quot;https:\\\/\\\/veronasdavit.org\\\/veronasdavit\\\/wp-content\\\/uploads\\\/2024\\\/09\\\/IMG-20240618-WA0126.jpg&quot;},{&quot;id&quot;:2130,&quot;url&quot;:&quot;https:\\\/\\\/veronasdavit.org\\\/veronasdavit\\\/wp-content\\\/uploads\\\/2024\\\/09\\\/WhatsApp-Image-2024-08-02-at-21.28.08.jpeg&quot;},{&quot;id&quot;:2108,&quot;url&quot;:&quot;https:\\\/\\\/veronasdavit.org\\\/veronasdavit\\\/wp-content\\\/uploads\\\/2024\\\/09\\\/IMG-20240618-WA0041.jpg&quot;},{&quot;id&quot;:2068,&quot;url&quot;:&quot;https:\\\/\\\/veronasdavit.org\\\/veronasdavit\\\/wp-content\\\/uploads\\\/2024\\\/07\\\/WhatsApp-Image-2024-07-26-at-23.55.14.jpeg&quot;},{&quot;id&quot;:2083,&quot;url&quot;:&quot;https:\\\/\\\/veronasdavit.org\\\/veronasdavit\\\/wp-content\\\/uploads\\\/2024\\\/09\\\/Destaque-12.jpg&quot;}],&quot;background_slideshow_ken_burns&quot;:&quot;yes&quot;,&quot;background_slideshow_loop&quot;:&quot;yes&quot;,&quot;background_slideshow_slide_duration&quot;:5000,&quot;background_slideshow_slide_transition&quot;:&quot;fade&quot;,&quot;background_slideshow_transition_duration&quot;:500,&quot;background_slideshow_ken_burns_zoom_direction&quot;:&quot;in&quot;}\">\n\t\t\t\t\t\t\t<div class=\"elementor-background-overlay\"><\/div>\n\t\t\t\t\t\t\t<div class=\"elementor-container elementor-column-gap-default\">\n\t\t\t\t\t<div class=\"elementor-column elementor-col-100 elementor-top-column elementor-element elementor-element-1634e0b\" data-id=\"1634e0b\" data-element_type=\"column\" data-e-type=\"column\">\n\t\t\t<div class=\"elementor-widget-wrap elementor-element-populated\">\n\t\t\t\t\t\t<div class=\"elementor-element elementor-element-e322a4e animated-fast elementor-invisible elementor-widget elementor-widget-heading\" data-id=\"e322a4e\" data-element_type=\"widget\" data-e-type=\"widget\" data-settings=\"{&quot;_animation&quot;:&quot;fadeInUp&quot;}\" data-widget_type=\"heading.default\">\n\t\t\t\t<div class=\"elementor-widget-container\">\n\t\t\t\t\t<h2 class=\"elementor-heading-title elementor-size-default\">Seu contributo ajudar\u00e1 pessoas <br>pobres e sem abrigo.<\/h2>\t\t\t\t<\/div>\n\t\t\t\t<\/div>\n\t\t\t\t<div class=\"elementor-element elementor-element-c79164a elementor-invisible elementor-widget elementor-widget-icon-box\" data-id=\"c79164a\" data-element_type=\"widget\" data-e-type=\"widget\" data-settings=\"{&quot;_animation&quot;:&quot;fadeInUp&quot;}\" data-widget_type=\"icon-box.default\">\n\t\t\t\t<div class=\"elementor-widget-container\">\n\t\t\t\t\t\t\t<div class=\"elementor-icon-box-wrapper\">\n\n\t\t\t\n\t\t\t\t\t\t<div class=\"elementor-icon-box-content\">\n\n\t\t\t\t\n\t\t\t\t\t\t\t\t\t<p class=\"elementor-icon-box-description\">\n\t\t\t\t\t\t<b>De pessoas para pessoas<\/b> \u2013 Impacte e mude uma vida todos os dias \u2013 dando \u2013 capacitando \u2013 patrocinando a educa\u00e7\u00e3o de algu\u00e9m \u2013 compartilhando amor atrav\u00e9s do nosso salvador Jesus Cristo.<br>\t\t\t\t\t<\/p>\n\t\t\t\t\n\t\t\t<\/div>\n\t\t\t\n\t\t<\/div>\n\t\t\t\t\t\t<\/div>\n\t\t\t\t<\/div>\n\t\t\t\t<div class=\"elementor-element elementor-element-9f4fb45 animated-slow e-transform elementor-invisible elementor-widget elementor-widget-button\" data-id=\"9f4fb45\" data-element_type=\"widget\" data-e-type=\"widget\" data-settings=\"{&quot;_animation&quot;:&quot;fadeInUp&quot;,&quot;_transform_scale_effect_hover&quot;:{&quot;unit&quot;:&quot;px&quot;,&quot;size&quot;:1.01,&quot;sizes&quot;:[]},&quot;_transform_scale_effect_hover_tablet&quot;:{&quot;unit&quot;:&quot;px&quot;,&quot;size&quot;:&quot;&quot;,&quot;sizes&quot;:[]},&quot;_transform_scale_effect_hover_mobile&quot;:{&quot;unit&quot;:&quot;px&quot;,&quot;size&quot;:&quot;&quot;,&quot;sizes&quot;:[]}}\" data-widget_type=\"button.default\">\n\t\t\t\t<div class=\"elementor-widget-container\">\n\t\t\t\t\t\t\t\t\t<div class=\"elementor-button-wrapper\">\n\t\t\t\t\t<a class=\"elementor-button elementor-button-link elementor-size-sm\" href=\"https:\/\/veronasdavit.org\/veronasdavit\/quem-somos\/\">\n\t\t\t\t\t\t<span class=\"elementor-button-content-wrapper\">\n\t\t\t\t\t\t\t\t\t<span class=\"elementor-button-text\">Conhe\u00e7a-nos<\/span>\n\t\t\t\t\t<\/span>\n\t\t\t\t\t<\/a>\n\t\t\t\t<\/div>\n\t\t\t\t\t\t\t\t<\/div>\n\t\t\t\t<\/div>\n\t\t\t\t\t<\/div>\n\t\t<\/div>\n\t\t\t\t\t<\/div>\n\t\t<\/section>\n\t\t\t\t<section class=\"elementor-section elementor-top-section elementor-element elementor-element-7bbec72 elementor-section-boxed elementor-section-height-default elementor-section-height-default wpr-particle-no wpr-jarallax-no wpr-parallax-no wpr-sticky-section-no\" data-id=\"7bbec72\" data-element_type=\"section\" data-e-type=\"section\">\n\t\t\t\t\t\t<div class=\"elementor-container elementor-column-gap-default\">\n\t\t\t\t\t<div class=\"elementor-column elementor-col-33 elementor-top-column elementor-element elementor-element-43bb8e7\" data-id=\"43bb8e7\" data-element_type=\"column\" data-e-type=\"column\">\n\t\t\t<div class=\"elementor-widget-wrap elementor-element-populated\">\n\t\t\t\t\t\t<div class=\"elementor-element elementor-element-90dcd0e wpr-promo-box-style-cover elementor-invisible elementor-widget elementor-widget-wpr-promo-box\" data-id=\"90dcd0e\" data-element_type=\"widget\" data-e-type=\"widget\" data-settings=\"{&quot;_animation&quot;:&quot;fadeInUp&quot;}\" data-widget_type=\"wpr-promo-box.default\">\n\t\t\t\t<div class=\"elementor-widget-container\">\n\t\t\t\t\t\n\t\t<div class=\"wpr-promo-box wpr-animation-wrap\">\n\n\t\t\t\t\t\t\t\n\t\t\t\t\t\t\t<div class=\"wpr-promo-box-image\">\n\t\t\t\t\t<div class=\"wpr-promo-box-bg-image wpr-bg-anim-zoom-in wpr-anim-timing-ease-default lazyload\" style=\"background-image:inherit;\" data-bg-image=\"url(https:\/\/veronasdavit.org\/veronasdavit\/wp-content\/uploads\/2024\/09\/IMG-20240618-WA0041.jpg)\"><\/div>\n\t\t\t\t\t<div class=\"wpr-promo-box-bg-overlay wpr-border-anim-oscar\"><\/div>\n\t\t\t\t<\/div>\n\t\t\t\t\t\t\n\t\t\t<div class=\"wpr-promo-box-content\">\n\n\t\t\t\t\t\t\t\t<div class=\"wpr-promo-box-icon\">\n\t\t\t\t\t\t\t\t\t<\/div>\n\t\t\t\t\n\t\t\t\t<h3 class=\"wpr-promo-box-title\"><span>Seja Patrocinador<\/span><\/h3>\n\t\t\t\t\t\t\t\t\t<div class=\"wpr-promo-box-description\">\n\t\t\t\t\t\t<p><p>Ao se tornar patrocinador da Associa\u00e7\u00e3o Veronas Davit, sua marca contribui diretamente para ac\u00e7\u00f5es que transformam vidas e constroem um futuro mais justo.<\/p><\/p>\t\n\t\t\t\t\t<\/div>\t\t\t\t\t\t\n\t\t\t\t\n\t\t\t\t\t\t\t\t\t<div class=\"wpr-promo-box-btn-wrap\">\n\t\t\t\t\t\t<a class=\"wpr-promo-box-btn\" href=\"https:\/\/veronasdavit.org\/veronasdavit\/seja-patrocinador\/\">\n\n\t\t\t\t\t\t\t\t\t\t\t\t\t\t<span class=\"wpr-promo-box-btn-text\">Saiba Mais<\/span>\t\t\n\t\t\t\t\t\t\t\n\t\t\t\t\t\t\t\t\t\t\t\t\t<\/a>\n\t\t\t\t\t<\/div>\t\n\t\t\t\t\t\t\t<\/div>\n\n\t\t\t\t\t<\/div>\n\n\t\t\t\t\t\t<\/div>\n\t\t\t\t<\/div>\n\t\t\t\t\t<\/div>\n\t\t<\/div>\n\t\t\t\t<div class=\"elementor-column elementor-col-33 elementor-top-column elementor-element elementor-element-09aec2d\" data-id=\"09aec2d\" data-element_type=\"column\" data-e-type=\"column\">\n\t\t\t<div class=\"elementor-widget-wrap elementor-element-populated\">\n\t\t\t\t\t\t<div class=\"elementor-element elementor-element-6004a12 wpr-promo-box-style-cover elementor-invisible elementor-widget elementor-widget-wpr-promo-box\" data-id=\"6004a12\" data-element_type=\"widget\" data-e-type=\"widget\" data-settings=\"{&quot;_animation&quot;:&quot;fadeInUp&quot;,&quot;_animation_delay&quot;:200}\" data-widget_type=\"wpr-promo-box.default\">\n\t\t\t\t<div class=\"elementor-widget-container\">\n\t\t\t\t\t\n\t\t<div class=\"wpr-promo-box wpr-animation-wrap\">\n\n\t\t\t\t\t\t\t\n\t\t\t\t\t\t\t<div class=\"wpr-promo-box-image\">\n\t\t\t\t\t<div class=\"wpr-promo-box-bg-image wpr-bg-anim-zoom-in wpr-anim-timing-ease-default lazyload\" style=\"background-image:inherit;\" data-bg-image=\"url(https:\/\/veronasdavit.org\/veronasdavit\/wp-content\/uploads\/2024\/09\/IMG-20240618-WA0126.jpg)\"><\/div>\n\t\t\t\t\t<div class=\"wpr-promo-box-bg-overlay wpr-border-anim-oscar\"><\/div>\n\t\t\t\t<\/div>\n\t\t\t\t\t\t\n\t\t\t<div class=\"wpr-promo-box-content\">\n\n\t\t\t\t\t\t\t\t<div class=\"wpr-promo-box-icon\">\n\t\t\t\t\t\t\t\t\t<\/div>\n\t\t\t\t\n\t\t\t\t<h3 class=\"wpr-promo-box-title\"><span>Seja Volunt\u00e1rio<\/span><\/h3>\n\t\t\t\t\t\t\t\t\t<div class=\"wpr-promo-box-description\">\n\t\t\t\t\t\t<p><p>Doe seu tempo, seu talento e seu cora\u00e7\u00e3o. Nossos volunt\u00e1rios s\u00e3o a for\u00e7a que move os nossos projectos e fazem a diferen\u00e7a na vida de quem mais precisa.<\/p><\/p>\t\n\t\t\t\t\t<\/div>\t\t\t\t\t\t\n\t\t\t\t\n\t\t\t\t\t\t\t\t\t<div class=\"wpr-promo-box-btn-wrap\">\n\t\t\t\t\t\t<a class=\"wpr-promo-box-btn\" href=\"https:\/\/veronasdavit.org\/veronasdavit\/voluntario\/\">\n\n\t\t\t\t\t\t\t\t\t\t\t\t\t\t<span class=\"wpr-promo-box-btn-text\">Saiba Mais<\/span>\t\t\n\t\t\t\t\t\t\t\n\t\t\t\t\t\t\t\t\t\t\t\t\t<\/a>\n\t\t\t\t\t<\/div>\t\n\t\t\t\t\t\t\t<\/div>\n\n\t\t\t\t\t<\/div>\n\n\t\t\t\t\t\t<\/div>\n\t\t\t\t<\/div>\n\t\t\t\t\t<\/div>\n\t\t<\/div>\n\t\t\t\t<div class=\"elementor-column elementor-col-33 elementor-top-column elementor-element elementor-element-8621fd1\" data-id=\"8621fd1\" data-element_type=\"column\" data-e-type=\"column\">\n\t\t\t<div class=\"elementor-widget-wrap elementor-element-populated\">\n\t\t\t\t\t\t<div class=\"elementor-element elementor-element-f56f371 wpr-promo-box-style-cover elementor-invisible elementor-widget elementor-widget-wpr-promo-box\" data-id=\"f56f371\" data-element_type=\"widget\" data-e-type=\"widget\" data-settings=\"{&quot;_animation&quot;:&quot;fadeInUp&quot;}\" data-widget_type=\"wpr-promo-box.default\">\n\t\t\t\t<div class=\"elementor-widget-container\">\n\t\t\t\t\t\n\t\t<div class=\"wpr-promo-box wpr-animation-wrap\">\n\n\t\t\t\t\t\t\t\n\t\t\t\t\t\t\t<div class=\"wpr-promo-box-image\">\n\t\t\t\t\t<div class=\"wpr-promo-box-bg-image wpr-bg-anim-zoom-in wpr-anim-timing-ease-default lazyload\" style=\"background-image:inherit;\" data-bg-image=\"url(https:\/\/veronasdavit.org\/veronasdavit\/wp-content\/uploads\/2024\/09\/IMG-20240618-WA0173.jpg)\"><\/div>\n\t\t\t\t\t<div class=\"wpr-promo-box-bg-overlay wpr-border-anim-oscar\"><\/div>\n\t\t\t\t<\/div>\n\t\t\t\t\t\t\n\t\t\t<div class=\"wpr-promo-box-content\">\n\n\t\t\t\t\t\t\t\t<div class=\"wpr-promo-box-icon\">\n\t\t\t\t\t\t\t\t\t<\/div>\n\t\t\t\t\n\t\t\t\t<h3 class=\"wpr-promo-box-title\"><span>Seja Doador<\/span><\/h3>\n\t\t\t\t\t\t\t\t\t<div class=\"wpr-promo-box-description\">\n\t\t\t\t\t\t<p><p>Cada contribui\u00e7\u00e3o \u00e9 uma semente de esperan\u00e7a. Doe uma vez ou torne-se um doador mensal e ajude-nos a continuar levando luz onde h\u00e1 escurid\u00e3o.<\/p><\/p>\t\n\t\t\t\t\t<\/div>\t\t\t\t\t\t\n\t\t\t\t\n\t\t\t\t\t\t\t\t\t<div class=\"wpr-promo-box-btn-wrap\">\n\t\t\t\t\t\t<a class=\"wpr-promo-box-btn\" href=\"https:\/\/veronasdavit.org\/veronasdavit\/fazer-doacao\/\">\n\n\t\t\t\t\t\t\t\t\t\t\t\t\t\t<span class=\"wpr-promo-box-btn-text\">Saiba Mais<\/span>\t\t\n\t\t\t\t\t\t\t\n\t\t\t\t\t\t\t\t\t\t\t\t\t<\/a>\n\t\t\t\t\t<\/div>\t\n\t\t\t\t\t\t\t<\/div>\n\n\t\t\t\t\t<\/div>\n\n\t\t\t\t\t\t<\/div>\n\t\t\t\t<\/div>\n\t\t\t\t\t<\/div>\n\t\t<\/div>\n\t\t\t\t\t<\/div>\n\t\t<\/section>\n\t\t\t\t<section class=\"elementor-section elementor-top-section elementor-element elementor-element-1ba09b7 elementor-section-boxed elementor-section-height-default elementor-section-height-default wpr-particle-no wpr-jarallax-no wpr-parallax-no wpr-sticky-section-no elementor-invisible\" data-id=\"1ba09b7\" data-element_type=\"section\" data-e-type=\"section\" data-settings=\"{&quot;background_background&quot;:&quot;classic&quot;,&quot;animation&quot;:&quot;fadeIn&quot;,&quot;animation_delay&quot;:200}\">\n\t\t\t\t\t\t\t<div class=\"elementor-background-overlay\"><\/div>\n\t\t\t\t\t\t\t<div class=\"elementor-container elementor-column-gap-default\">\n\t\t\t\t\t<div class=\"elementor-column elementor-col-100 elementor-top-column elementor-element elementor-element-b71c597\" data-id=\"b71c597\" data-element_type=\"column\" data-e-type=\"column\">\n\t\t\t<div class=\"elementor-widget-wrap elementor-element-populated\">\n\t\t\t\t\t\t<div class=\"elementor-element elementor-element-96eaa2e elementor-invisible elementor-widget elementor-widget-image-carousel\" data-id=\"96eaa2e\" data-element_type=\"widget\" data-e-type=\"widget\" data-settings=\"{&quot;slides_to_show&quot;:&quot;3&quot;,&quot;slides_to_show_tablet&quot;:&quot;7&quot;,&quot;slides_to_show_mobile&quot;:&quot;3&quot;,&quot;_animation&quot;:&quot;fadeInUp&quot;,&quot;_animation_delay&quot;:1000,&quot;navigation&quot;:&quot;none&quot;,&quot;autoplay&quot;:&quot;yes&quot;,&quot;pause_on_interaction&quot;:&quot;yes&quot;,&quot;autoplay_speed&quot;:5000,&quot;infinite&quot;:&quot;yes&quot;,&quot;speed&quot;:500,&quot;image_spacing_custom&quot;:{&quot;unit&quot;:&quot;px&quot;,&quot;size&quot;:20,&quot;sizes&quot;:[]},&quot;image_spacing_custom_tablet&quot;:{&quot;unit&quot;:&quot;px&quot;,&quot;size&quot;:&quot;&quot;,&quot;sizes&quot;:[]},&quot;image_spacing_custom_mobile&quot;:{&quot;unit&quot;:&quot;px&quot;,&quot;size&quot;:&quot;&quot;,&quot;sizes&quot;:[]}}\" data-widget_type=\"image-carousel.default\">\n\t\t\t\t<div class=\"elementor-widget-container\">\n\t\t\t\t\t\t\t<div class=\"elementor-image-carousel-wrapper swiper\" role=\"region\" aria-roledescription=\"carousel\" aria-label=\"Image Carousel\" dir=\"ltr\">\n\t\t\t<div class=\"elementor-image-carousel swiper-wrapper\" aria-live=\"off\">\n\t\t\t\t\t\t\t\t<div class=\"swiper-slide\" role=\"group\" aria-roledescription=\"slide\" aria-label=\"1 de 11\"><a data-elementor-open-lightbox=\"yes\" data-elementor-lightbox-slideshow=\"96eaa2e\" data-elementor-lightbox-title=\"IMG-20240618-WA0226\" data-e-action-hash=\"#elementor-action%3Aaction%3Dlightbox%26settings%3DeyJpZCI6MjA5NywidXJsIjoiaHR0cHM6XC9cL3Zlcm9uYXNkYXZpdC5vcmdcL3Zlcm9uYXNkYXZpdFwvd3AtY29udGVudFwvdXBsb2Fkc1wvMjAyNFwvMDlcL0lNRy0yMDI0MDYxOC1XQTAyMjYuanBnIiwic2xpZGVzaG93IjoiOTZlYWEyZSJ9\" href=\"https:\/\/veronasdavit.org\/veronasdavit\/wp-content\/uploads\/2024\/09\/IMG-20240618-WA0226.jpg\"><figure class=\"swiper-slide-inner\"><img decoding=\"async\" class=\"swiper-slide-image lazyload\" data-src=\"https:\/\/veronasdavit.org\/veronasdavit\/wp-content\/uploads\/2024\/09\/IMG-20240618-WA0226-682x1024.jpg\" alt=\"IMG-20240618-WA0226\" src=\"data:image\/svg+xml;base64,PHN2ZyB3aWR0aD0iMSIgaGVpZ2h0PSIxIiB4bWxucz0iaHR0cDovL3d3dy53My5vcmcvMjAwMC9zdmciPjwvc3ZnPg==\" style=\"--smush-placeholder-width: 682px; --smush-placeholder-aspect-ratio: 682\/1024;\" \/><\/figure><\/a><\/div><div class=\"swiper-slide\" role=\"group\" aria-roledescription=\"slide\" aria-label=\"2 de 11\"><a data-elementor-open-lightbox=\"yes\" data-elementor-lightbox-slideshow=\"96eaa2e\" data-elementor-lightbox-title=\"IMG-20240618-WA0160\" data-e-action-hash=\"#elementor-action%3Aaction%3Dlightbox%26settings%3DeyJpZCI6MjA5MywidXJsIjoiaHR0cHM6XC9cL3Zlcm9uYXNkYXZpdC5vcmdcL3Zlcm9uYXNkYXZpdFwvd3AtY29udGVudFwvdXBsb2Fkc1wvMjAyNFwvMDlcL0lNRy0yMDI0MDYxOC1XQTAxNjAuanBnIiwic2xpZGVzaG93IjoiOTZlYWEyZSJ9\" href=\"https:\/\/veronasdavit.org\/veronasdavit\/wp-content\/uploads\/2024\/09\/IMG-20240618-WA0160.jpg\"><figure class=\"swiper-slide-inner\"><img decoding=\"async\" class=\"swiper-slide-image lazyload\" data-src=\"https:\/\/veronasdavit.org\/veronasdavit\/wp-content\/uploads\/2024\/09\/IMG-20240618-WA0160-682x1024.jpg\" alt=\"IMG-20240618-WA0160\" src=\"data:image\/svg+xml;base64,PHN2ZyB3aWR0aD0iMSIgaGVpZ2h0PSIxIiB4bWxucz0iaHR0cDovL3d3dy53My5vcmcvMjAwMC9zdmciPjwvc3ZnPg==\" style=\"--smush-placeholder-width: 682px; --smush-placeholder-aspect-ratio: 682\/1024;\" \/><\/figure><\/a><\/div><div class=\"swiper-slide\" role=\"group\" aria-roledescription=\"slide\" aria-label=\"3 de 11\"><a data-elementor-open-lightbox=\"yes\" data-elementor-lightbox-slideshow=\"96eaa2e\" data-elementor-lightbox-title=\"Destaque (9)\" data-e-action-hash=\"#elementor-action%3Aaction%3Dlightbox%26settings%3DeyJpZCI6MjEwNCwidXJsIjoiaHR0cHM6XC9cL3Zlcm9uYXNkYXZpdC5vcmdcL3Zlcm9uYXNkYXZpdFwvd3AtY29udGVudFwvdXBsb2Fkc1wvMjAyNFwvMDlcL0Rlc3RhcXVlLTkuanBnIiwic2xpZGVzaG93IjoiOTZlYWEyZSJ9\" href=\"https:\/\/veronasdavit.org\/veronasdavit\/wp-content\/uploads\/2024\/09\/Destaque-9.jpg\"><figure class=\"swiper-slide-inner\"><img decoding=\"async\" class=\"swiper-slide-image lazyload\" data-src=\"https:\/\/veronasdavit.org\/veronasdavit\/wp-content\/uploads\/2024\/09\/Destaque-9-682x1024.jpg\" alt=\"Destaque (9)\" src=\"data:image\/svg+xml;base64,PHN2ZyB3aWR0aD0iMSIgaGVpZ2h0PSIxIiB4bWxucz0iaHR0cDovL3d3dy53My5vcmcvMjAwMC9zdmciPjwvc3ZnPg==\" style=\"--smush-placeholder-width: 682px; --smush-placeholder-aspect-ratio: 682\/1024;\" \/><\/figure><\/a><\/div><div class=\"swiper-slide\" role=\"group\" aria-roledescription=\"slide\" aria-label=\"4 de 11\"><a data-elementor-open-lightbox=\"yes\" data-elementor-lightbox-slideshow=\"96eaa2e\" data-elementor-lightbox-title=\"IMG-20240618-WA0221\" data-e-action-hash=\"#elementor-action%3Aaction%3Dlightbox%26settings%3DeyJpZCI6MjA5NiwidXJsIjoiaHR0cHM6XC9cL3Zlcm9uYXNkYXZpdC5vcmdcL3Zlcm9uYXNkYXZpdFwvd3AtY29udGVudFwvdXBsb2Fkc1wvMjAyNFwvMDlcL0lNRy0yMDI0MDYxOC1XQTAyMjEuanBnIiwic2xpZGVzaG93IjoiOTZlYWEyZSJ9\" href=\"https:\/\/veronasdavit.org\/veronasdavit\/wp-content\/uploads\/2024\/09\/IMG-20240618-WA0221.jpg\"><figure class=\"swiper-slide-inner\"><img decoding=\"async\" class=\"swiper-slide-image lazyload\" data-src=\"https:\/\/veronasdavit.org\/veronasdavit\/wp-content\/uploads\/2024\/09\/IMG-20240618-WA0221-682x1024.jpg\" alt=\"IMG-20240618-WA0221\" src=\"data:image\/svg+xml;base64,PHN2ZyB3aWR0aD0iMSIgaGVpZ2h0PSIxIiB4bWxucz0iaHR0cDovL3d3dy53My5vcmcvMjAwMC9zdmciPjwvc3ZnPg==\" style=\"--smush-placeholder-width: 682px; --smush-placeholder-aspect-ratio: 682\/1024;\" \/><\/figure><\/a><\/div><div class=\"swiper-slide\" role=\"group\" aria-roledescription=\"slide\" aria-label=\"5 de 11\"><a data-elementor-open-lightbox=\"yes\" data-elementor-lightbox-slideshow=\"96eaa2e\" data-elementor-lightbox-title=\"IMG-20240618-WA0168\" data-e-action-hash=\"#elementor-action%3Aaction%3Dlightbox%26settings%3DeyJpZCI6MjA5NCwidXJsIjoiaHR0cHM6XC9cL3Zlcm9uYXNkYXZpdC5vcmdcL3Zlcm9uYXNkYXZpdFwvd3AtY29udGVudFwvdXBsb2Fkc1wvMjAyNFwvMDlcL0lNRy0yMDI0MDYxOC1XQTAxNjguanBnIiwic2xpZGVzaG93IjoiOTZlYWEyZSJ9\" href=\"https:\/\/veronasdavit.org\/veronasdavit\/wp-content\/uploads\/2024\/09\/IMG-20240618-WA0168.jpg\"><figure class=\"swiper-slide-inner\"><img decoding=\"async\" class=\"swiper-slide-image lazyload\" data-src=\"https:\/\/veronasdavit.org\/veronasdavit\/wp-content\/uploads\/2024\/09\/IMG-20240618-WA0168-682x1024.jpg\" alt=\"IMG-20240618-WA0168\" src=\"data:image\/svg+xml;base64,PHN2ZyB3aWR0aD0iMSIgaGVpZ2h0PSIxIiB4bWxucz0iaHR0cDovL3d3dy53My5vcmcvMjAwMC9zdmciPjwvc3ZnPg==\" style=\"--smush-placeholder-width: 682px; --smush-placeholder-aspect-ratio: 682\/1024;\" \/><\/figure><\/a><\/div><div class=\"swiper-slide\" role=\"group\" aria-roledescription=\"slide\" aria-label=\"6 de 11\"><a data-elementor-open-lightbox=\"yes\" data-elementor-lightbox-slideshow=\"96eaa2e\" data-elementor-lightbox-title=\"Destaque (2)\" data-e-action-hash=\"#elementor-action%3Aaction%3Dlightbox%26settings%3DeyJpZCI6MjA4MiwidXJsIjoiaHR0cHM6XC9cL3Zlcm9uYXNkYXZpdC5vcmdcL3Zlcm9uYXNkYXZpdFwvd3AtY29udGVudFwvdXBsb2Fkc1wvMjAyNFwvMDlcL0Rlc3RhcXVlLTIuanBnIiwic2xpZGVzaG93IjoiOTZlYWEyZSJ9\" href=\"https:\/\/veronasdavit.org\/veronasdavit\/wp-content\/uploads\/2024\/09\/Destaque-2.jpg\"><figure class=\"swiper-slide-inner\"><img decoding=\"async\" class=\"swiper-slide-image lazyload\" data-src=\"https:\/\/veronasdavit.org\/veronasdavit\/wp-content\/uploads\/2024\/09\/Destaque-2-682x1024.jpg\" alt=\"Destaque (2)\" src=\"data:image\/svg+xml;base64,PHN2ZyB3aWR0aD0iMSIgaGVpZ2h0PSIxIiB4bWxucz0iaHR0cDovL3d3dy53My5vcmcvMjAwMC9zdmciPjwvc3ZnPg==\" style=\"--smush-placeholder-width: 682px; --smush-placeholder-aspect-ratio: 682\/1024;\" \/><\/figure><\/a><\/div><div class=\"swiper-slide\" role=\"group\" aria-roledescription=\"slide\" aria-label=\"7 de 11\"><a data-elementor-open-lightbox=\"yes\" data-elementor-lightbox-slideshow=\"96eaa2e\" data-elementor-lightbox-title=\"IMG-20240618-WA0174\" data-e-action-hash=\"#elementor-action%3Aaction%3Dlightbox%26settings%3DeyJpZCI6MjExNiwidXJsIjoiaHR0cHM6XC9cL3Zlcm9uYXNkYXZpdC5vcmdcL3Zlcm9uYXNkYXZpdFwvd3AtY29udGVudFwvdXBsb2Fkc1wvMjAyNFwvMDlcL0lNRy0yMDI0MDYxOC1XQTAxNzQuanBnIiwic2xpZGVzaG93IjoiOTZlYWEyZSJ9\" href=\"https:\/\/veronasdavit.org\/veronasdavit\/wp-content\/uploads\/2024\/09\/IMG-20240618-WA0174.jpg\"><figure class=\"swiper-slide-inner\"><img decoding=\"async\" class=\"swiper-slide-image lazyload\" data-src=\"https:\/\/veronasdavit.org\/veronasdavit\/wp-content\/uploads\/2024\/09\/IMG-20240618-WA0174-682x1024.jpg\" alt=\"IMG-20240618-WA0174\" src=\"data:image\/svg+xml;base64,PHN2ZyB3aWR0aD0iMSIgaGVpZ2h0PSIxIiB4bWxucz0iaHR0cDovL3d3dy53My5vcmcvMjAwMC9zdmciPjwvc3ZnPg==\" style=\"--smush-placeholder-width: 682px; --smush-placeholder-aspect-ratio: 682\/1024;\" \/><\/figure><\/a><\/div><div class=\"swiper-slide\" role=\"group\" aria-roledescription=\"slide\" aria-label=\"8 de 11\"><a data-elementor-open-lightbox=\"yes\" data-elementor-lightbox-slideshow=\"96eaa2e\" data-elementor-lightbox-title=\"IMG-20240618-WA0233\" data-e-action-hash=\"#elementor-action%3Aaction%3Dlightbox%26settings%3DeyJpZCI6MjEwMCwidXJsIjoiaHR0cHM6XC9cL3Zlcm9uYXNkYXZpdC5vcmdcL3Zlcm9uYXNkYXZpdFwvd3AtY29udGVudFwvdXBsb2Fkc1wvMjAyNFwvMDlcL0lNRy0yMDI0MDYxOC1XQTAyMzMuanBnIiwic2xpZGVzaG93IjoiOTZlYWEyZSJ9\" href=\"https:\/\/veronasdavit.org\/veronasdavit\/wp-content\/uploads\/2024\/09\/IMG-20240618-WA0233.jpg\"><figure class=\"swiper-slide-inner\"><img decoding=\"async\" class=\"swiper-slide-image lazyload\" data-src=\"https:\/\/veronasdavit.org\/veronasdavit\/wp-content\/uploads\/2024\/09\/IMG-20240618-WA0233-682x1024.jpg\" alt=\"IMG-20240618-WA0233\" src=\"data:image\/svg+xml;base64,PHN2ZyB3aWR0aD0iMSIgaGVpZ2h0PSIxIiB4bWxucz0iaHR0cDovL3d3dy53My5vcmcvMjAwMC9zdmciPjwvc3ZnPg==\" style=\"--smush-placeholder-width: 682px; --smush-placeholder-aspect-ratio: 682\/1024;\" \/><\/figure><\/a><\/div><div class=\"swiper-slide\" role=\"group\" aria-roledescription=\"slide\" aria-label=\"9 de 11\"><a data-elementor-open-lightbox=\"yes\" data-elementor-lightbox-slideshow=\"96eaa2e\" data-elementor-lightbox-title=\"IMG-20240618-WA0030\" data-e-action-hash=\"#elementor-action%3Aaction%3Dlightbox%26settings%3DeyJpZCI6MjA4OCwidXJsIjoiaHR0cHM6XC9cL3Zlcm9uYXNkYXZpdC5vcmdcL3Zlcm9uYXNkYXZpdFwvd3AtY29udGVudFwvdXBsb2Fkc1wvMjAyNFwvMDlcL0lNRy0yMDI0MDYxOC1XQTAwMzAuanBnIiwic2xpZGVzaG93IjoiOTZlYWEyZSJ9\" href=\"https:\/\/veronasdavit.org\/veronasdavit\/wp-content\/uploads\/2024\/09\/IMG-20240618-WA0030.jpg\"><figure class=\"swiper-slide-inner\"><img decoding=\"async\" class=\"swiper-slide-image lazyload\" data-src=\"https:\/\/veronasdavit.org\/veronasdavit\/wp-content\/uploads\/2024\/09\/IMG-20240618-WA0030-682x1024.jpg\" alt=\"IMG-20240618-WA0030\" src=\"data:image\/svg+xml;base64,PHN2ZyB3aWR0aD0iMSIgaGVpZ2h0PSIxIiB4bWxucz0iaHR0cDovL3d3dy53My5vcmcvMjAwMC9zdmciPjwvc3ZnPg==\" style=\"--smush-placeholder-width: 682px; --smush-placeholder-aspect-ratio: 682\/1024;\" \/><\/figure><\/a><\/div><div class=\"swiper-slide\" role=\"group\" aria-roledescription=\"slide\" aria-label=\"10 de 11\"><a data-elementor-open-lightbox=\"yes\" data-elementor-lightbox-slideshow=\"96eaa2e\" data-elementor-lightbox-title=\"IMG-20240618-WA0232\" data-e-action-hash=\"#elementor-action%3Aaction%3Dlightbox%26settings%3DeyJpZCI6MjA5OSwidXJsIjoiaHR0cHM6XC9cL3Zlcm9uYXNkYXZpdC5vcmdcL3Zlcm9uYXNkYXZpdFwvd3AtY29udGVudFwvdXBsb2Fkc1wvMjAyNFwvMDlcL0lNRy0yMDI0MDYxOC1XQTAyMzIuanBnIiwic2xpZGVzaG93IjoiOTZlYWEyZSJ9\" href=\"https:\/\/veronasdavit.org\/veronasdavit\/wp-content\/uploads\/2024\/09\/IMG-20240618-WA0232.jpg\"><figure class=\"swiper-slide-inner\"><img decoding=\"async\" class=\"swiper-slide-image lazyload\" data-src=\"https:\/\/veronasdavit.org\/veronasdavit\/wp-content\/uploads\/2024\/09\/IMG-20240618-WA0232-682x1024.jpg\" alt=\"IMG-20240618-WA0232\" src=\"data:image\/svg+xml;base64,PHN2ZyB3aWR0aD0iMSIgaGVpZ2h0PSIxIiB4bWxucz0iaHR0cDovL3d3dy53My5vcmcvMjAwMC9zdmciPjwvc3ZnPg==\" style=\"--smush-placeholder-width: 682px; --smush-placeholder-aspect-ratio: 682\/1024;\" \/><\/figure><\/a><\/div><div class=\"swiper-slide\" role=\"group\" aria-roledescription=\"slide\" aria-label=\"11 de 11\"><a data-elementor-open-lightbox=\"yes\" data-elementor-lightbox-slideshow=\"96eaa2e\" data-elementor-lightbox-title=\"IMG-20240618-WA0039\" data-e-action-hash=\"#elementor-action%3Aaction%3Dlightbox%26settings%3DeyJpZCI6MjA4OSwidXJsIjoiaHR0cHM6XC9cL3Zlcm9uYXNkYXZpdC5vcmdcL3Zlcm9uYXNkYXZpdFwvd3AtY29udGVudFwvdXBsb2Fkc1wvMjAyNFwvMDlcL0lNRy0yMDI0MDYxOC1XQTAwMzkuanBnIiwic2xpZGVzaG93IjoiOTZlYWEyZSJ9\" href=\"https:\/\/veronasdavit.org\/veronasdavit\/wp-content\/uploads\/2024\/09\/IMG-20240618-WA0039.jpg\"><figure class=\"swiper-slide-inner\"><img decoding=\"async\" class=\"swiper-slide-image lazyload\" data-src=\"https:\/\/veronasdavit.org\/veronasdavit\/wp-content\/uploads\/2024\/09\/IMG-20240618-WA0039-682x1024.jpg\" alt=\"IMG-20240618-WA0039\" src=\"data:image\/svg+xml;base64,PHN2ZyB3aWR0aD0iMSIgaGVpZ2h0PSIxIiB4bWxucz0iaHR0cDovL3d3dy53My5vcmcvMjAwMC9zdmciPjwvc3ZnPg==\" style=\"--smush-placeholder-width: 682px; --smush-placeholder-aspect-ratio: 682\/1024;\" \/><\/figure><\/a><\/div>\t\t\t<\/div>\n\t\t\t\t\t\t\t\n\t\t\t\t\t\t\t\t\t<\/div>\n\t\t\t\t\t\t<\/div>\n\t\t\t\t<\/div>\n\t\t\t\t\t<\/div>\n\t\t<\/div>\n\t\t\t\t\t<\/div>\n\t\t<\/section>\n\t\t\t\t<section class=\"elementor-section elementor-top-section elementor-element elementor-element-f6a5d98 elementor-section-boxed elementor-section-height-default elementor-section-height-default wpr-particle-no wpr-jarallax-no wpr-parallax-no wpr-sticky-section-no\" data-id=\"f6a5d98\" data-element_type=\"section\" data-e-type=\"section\">\n\t\t\t\t\t\t<div class=\"elementor-container elementor-column-gap-default\">\n\t\t\t\t\t<div class=\"elementor-column elementor-col-100 elementor-top-column elementor-element elementor-element-c9b4f48\" data-id=\"c9b4f48\" data-element_type=\"column\" data-e-type=\"column\">\n\t\t\t<div class=\"elementor-widget-wrap elementor-element-populated\">\n\t\t\t\t\t\t<div class=\"elementor-element elementor-element-a99fd9a elementor-invisible elementor-widget elementor-widget-image\" data-id=\"a99fd9a\" data-element_type=\"widget\" data-e-type=\"widget\" data-settings=\"{&quot;_animation&quot;:&quot;zoomIn&quot;}\" data-widget_type=\"image.default\">\n\t\t\t\t<div class=\"elementor-widget-container\">\n\t\t\t\t\t\t\t\t\t\t\t\t\t\t\t<img fetchpriority=\"high\" decoding=\"async\" width=\"1080\" height=\"745\" src=\"https:\/\/veronasdavit.org\/veronasdavit\/wp-content\/uploads\/2025\/06\/Associacao-veronas-davit.gif\" class=\"attachment-full size-full wp-image-4858\" alt=\"\" \/>\t\t\t\t\t\t\t\t\t\t\t\t\t\t\t<\/div>\n\t\t\t\t<\/div>\n\t\t\t\t\t<\/div>\n\t\t<\/div>\n\t\t\t\t\t<\/div>\n\t\t<\/section>\n\t\t\t\t<section class=\"elementor-section elementor-top-section elementor-element elementor-element-220f596e2 elementor-section-boxed elementor-section-height-default elementor-section-height-default wpr-particle-no wpr-jarallax-no wpr-parallax-no wpr-sticky-section-no\" data-id=\"220f596e2\" data-element_type=\"section\" data-e-type=\"section\" data-settings=\"{&quot;background_background&quot;:&quot;classic&quot;}\">\n\t\t\t\t\t\t<div class=\"elementor-container elementor-column-gap-default\">\n\t\t\t\t\t<div class=\"elementor-column elementor-col-50 elementor-top-column elementor-element elementor-element-23429744 animated-slow elementor-hidden-mobile elementor-invisible\" data-id=\"23429744\" data-element_type=\"column\" data-e-type=\"column\" data-settings=\"{&quot;background_slideshow_gallery&quot;:[{&quot;id&quot;:2489,&quot;url&quot;:&quot;https:\\\/\\\/veronasdavit.org\\\/veronasdavit\\\/wp-content\\\/uploads\\\/2025\\\/05\\\/45.-Veronica-Alberto.jpeg&quot;},{&quot;id&quot;:2488,&quot;url&quot;:&quot;https:\\\/\\\/veronasdavit.org\\\/veronasdavit\\\/wp-content\\\/uploads\\\/2025\\\/05\\\/43.-Virginia-Jorge.jpeg&quot;},{&quot;id&quot;:2487,&quot;url&quot;:&quot;https:\\\/\\\/veronasdavit.org\\\/veronasdavit\\\/wp-content\\\/uploads\\\/2025\\\/05\\\/41.-Suzana-Da-Conceicao-Miguel.jpeg&quot;},{&quot;id&quot;:2486,&quot;url&quot;:&quot;https:\\\/\\\/veronasdavit.org\\\/veronasdavit\\\/wp-content\\\/uploads\\\/2025\\\/05\\\/39.-Sandra-Cabral.jpeg&quot;},{&quot;id&quot;:2485,&quot;url&quot;:&quot;https:\\\/\\\/veronasdavit.org\\\/veronasdavit\\\/wp-content\\\/uploads\\\/2025\\\/05\\\/37.-Maria-Da-Graca-Domingos.jpeg&quot;},{&quot;id&quot;:2484,&quot;url&quot;:&quot;https:\\\/\\\/veronasdavit.org\\\/veronasdavit\\\/wp-content\\\/uploads\\\/2025\\\/05\\\/35.-Madalena-Madureira-Luciano.jpeg&quot;},{&quot;id&quot;:2483,&quot;url&quot;:&quot;https:\\\/\\\/veronasdavit.org\\\/veronasdavit\\\/wp-content\\\/uploads\\\/2025\\\/05\\\/33.-Madalena-Almeida.jpeg&quot;},{&quot;id&quot;:2482,&quot;url&quot;:&quot;https:\\\/\\\/veronasdavit.org\\\/veronasdavit\\\/wp-content\\\/uploads\\\/2025\\\/05\\\/31.-Juliana-Salanjina-Francisco.jpeg&quot;},{&quot;id&quot;:2481,&quot;url&quot;:&quot;https:\\\/\\\/veronasdavit.org\\\/veronasdavit\\\/wp-content\\\/uploads\\\/2025\\\/05\\\/29.-Jani-Quitumba.jpeg&quot;},{&quot;id&quot;:2480,&quot;url&quot;:&quot;https:\\\/\\\/veronasdavit.org\\\/veronasdavit\\\/wp-content\\\/uploads\\\/2025\\\/05\\\/27.-Isabel-Salanjina-Francisco.jpeg&quot;},{&quot;id&quot;:2479,&quot;url&quot;:&quot;https:\\\/\\\/veronasdavit.org\\\/veronasdavit\\\/wp-content\\\/uploads\\\/2025\\\/05\\\/25.-Florinda-Cabango-Massaqui.jpeg&quot;},{&quot;id&quot;:2478,&quot;url&quot;:&quot;https:\\\/\\\/veronasdavit.org\\\/veronasdavit\\\/wp-content\\\/uploads\\\/2025\\\/05\\\/23.-Feliciana-Pera.jpeg&quot;},{&quot;id&quot;:2477,&quot;url&quot;:&quot;https:\\\/\\\/veronasdavit.org\\\/veronasdavit\\\/wp-content\\\/uploads\\\/2025\\\/05\\\/21.-Feliciana-Benjamim.jpeg&quot;},{&quot;id&quot;:2476,&quot;url&quot;:&quot;https:\\\/\\\/veronasdavit.org\\\/veronasdavit\\\/wp-content\\\/uploads\\\/2025\\\/05\\\/19.-Ester-Sawambo.jpeg&quot;},{&quot;id&quot;:2475,&quot;url&quot;:&quot;https:\\\/\\\/veronasdavit.org\\\/veronasdavit\\\/wp-content\\\/uploads\\\/2025\\\/05\\\/17.-Esperanca-Joao-Hebo.jpeg&quot;},{&quot;id&quot;:2474,&quot;url&quot;:&quot;https:\\\/\\\/veronasdavit.org\\\/veronasdavit\\\/wp-content\\\/uploads\\\/2025\\\/05\\\/15.-Conceicao-Francisco-Sebastiao.jpeg&quot;},{&quot;id&quot;:2473,&quot;url&quot;:&quot;https:\\\/\\\/veronasdavit.org\\\/veronasdavit\\\/wp-content\\\/uploads\\\/2025\\\/05\\\/14.-Conceicao-Candido.jpeg&quot;},{&quot;id&quot;:2472,&quot;url&quot;:&quot;https:\\\/\\\/veronasdavit.org\\\/veronasdavit\\\/wp-content\\\/uploads\\\/2025\\\/05\\\/13.-Catarina-Mota-Jose.jpeg&quot;},{&quot;id&quot;:2471,&quot;url&quot;:&quot;https:\\\/\\\/veronasdavit.org\\\/veronasdavit\\\/wp-content\\\/uploads\\\/2025\\\/05\\\/11.-Adelaide-Ginga-Albano.jpeg&quot;},{&quot;id&quot;:2470,&quot;url&quot;:&quot;https:\\\/\\\/veronasdavit.org\\\/veronasdavit\\\/wp-content\\\/uploads\\\/2025\\\/05\\\/09.-Solange-Jacinto.jpeg&quot;},{&quot;id&quot;:2469,&quot;url&quot;:&quot;https:\\\/\\\/veronasdavit.org\\\/veronasdavit\\\/wp-content\\\/uploads\\\/2025\\\/05\\\/07.-Leolpodina-Bambi.jpeg&quot;},{&quot;id&quot;:2468,&quot;url&quot;:&quot;https:\\\/\\\/veronasdavit.org\\\/veronasdavit\\\/wp-content\\\/uploads\\\/2025\\\/05\\\/06.-Rosa-Quifuxi.jpeg&quot;},{&quot;id&quot;:2467,&quot;url&quot;:&quot;https:\\\/\\\/veronasdavit.org\\\/veronasdavit\\\/wp-content\\\/uploads\\\/2025\\\/05\\\/03.-Iulda-Malungo.jpeg&quot;},{&quot;id&quot;:2466,&quot;url&quot;:&quot;https:\\\/\\\/veronasdavit.org\\\/veronasdavit\\\/wp-content\\\/uploads\\\/2025\\\/05\\\/01.-Iracelma-Manuel-Salvador.jpeg&quot;}],&quot;background_background&quot;:&quot;slideshow&quot;,&quot;background_slideshow_ken_burns&quot;:&quot;yes&quot;,&quot;background_slideshow_ken_burns_zoom_direction&quot;:&quot;out&quot;,&quot;animation&quot;:&quot;fadeInUp&quot;,&quot;background_slideshow_loop&quot;:&quot;yes&quot;,&quot;background_slideshow_slide_duration&quot;:5000,&quot;background_slideshow_slide_transition&quot;:&quot;fade&quot;,&quot;background_slideshow_transition_duration&quot;:500}\">\n\t\t\t<div class=\"elementor-widget-wrap\">\n\t\t\t\t\t\t\t<\/div>\n\t\t<\/div>\n\t\t\t\t<div class=\"elementor-column elementor-col-50 elementor-top-column elementor-element elementor-element-52e82fb3 elementor-invisible\" data-id=\"52e82fb3\" data-element_type=\"column\" data-e-type=\"column\" data-settings=\"{&quot;animation&quot;:&quot;fadeInUp&quot;,&quot;background_background&quot;:&quot;classic&quot;}\">\n\t\t\t<div class=\"elementor-widget-wrap elementor-element-populated\">\n\t\t\t\t\t\t<div class=\"elementor-element elementor-element-a4c62f0 wpr-promo-box-style-cover elementor-widget elementor-widget-wpr-promo-box\" data-id=\"a4c62f0\" data-element_type=\"widget\" data-e-type=\"widget\" data-widget_type=\"wpr-promo-box.default\">\n\t\t\t\t<div class=\"elementor-widget-container\">\n\t\t\t\t\t\n\t\t<div class=\"wpr-promo-box wpr-animation-wrap\">\n\n\t\t\t\t\t\t\t\n\t\t\t\t\t\t\t<div class=\"wpr-promo-box-image\">\n\t\t\t\t\t<div class=\"wpr-promo-box-bg-image wpr-bg-anim-zoom-in wpr-anim-timing-ease-default lazyload\" style=\"background-image:inherit;\" data-bg-image=\"url(https:\/\/veronasdavit.org\/veronasdavit\/wp-content\/uploads\/2025\/05\/Geral-Meninas-Lar-Do-Acolhimento-Veronas-Davit-2.jpeg)\"><\/div>\n\t\t\t\t\t<div class=\"wpr-promo-box-bg-overlay wpr-border-anim-jazz\"><\/div>\n\t\t\t\t<\/div>\n\t\t\t\t\t\t\n\t\t\t<div class=\"wpr-promo-box-content\">\n\n\t\t\t\t\t\t\t\t<div class=\"wpr-promo-box-icon\">\n\t\t\t\t\t\t\t\t\t<\/div>\n\t\t\t\t\n\t\t\t\t<h3 class=\"wpr-promo-box-title\"><span>Lar do Acolhimento<\/span><\/h3>\n\t\t\t\t\t\t\t\t\t<div class=\"wpr-promo-box-description\">\n\t\t\t\t\t\t<p><p>No \u00e2mbito das actividades que envolvem a responsabilidade social e de envolvimento com a comunidade, a Associa\u00e7\u00e3o Veronas Davit em 2024 desenvolveu a cria\u00e7\u00e3o de <strong>um lar de acolhimento<\/strong><strong> - <\/strong><strong>\u00a0um projecto de Diversidade e Inclus\u00e3o <\/strong>(com adolescentes, raparigas e jovens mulheres entres 10 aos 18 ) que visa promover a transforma\u00e7\u00e3o e desenvolvimento de pessoas, comunidade e abastecimento sustent\u00e1vel, com foco especial nas necessidades de crian\u00e7as, jovens e mulheres em estado de vulnerabilidade.<\/p><\/p>\t\n\t\t\t\t\t<\/div>\t\t\t\t\t\t\n\t\t\t\t\n\t\t\t\t\t\t\t\t\t<div class=\"wpr-promo-box-btn-wrap\">\n\t\t\t\t\t\t<a class=\"wpr-promo-box-btn\" href=\"https:\/\/veronasdavit.org\/veronasdavit\/product\/lar-do-acolhimento\/\">\n\n\t\t\t\t\t\t\t\t\t\t\t\t\t\t<span class=\"wpr-promo-box-btn-text\">Quero Ajudar<\/span>\t\t\n\t\t\t\t\t\t\t\n\t\t\t\t\t\t\t\t\t\t\t\t\t<\/a>\n\t\t\t\t\t<\/div>\t\n\t\t\t\t\t\t\t<\/div>\n\n\t\t\t\t\t<\/div>\n\n\t\t\t\t\t\t<\/div>\n\t\t\t\t<\/div>\n\t\t\t\t\t<\/div>\n\t\t<\/div>\n\t\t\t\t\t<\/div>\n\t\t<\/section>\n\t\t\t\t<section class=\"elementor-section elementor-top-section elementor-element elementor-element-557c80121 elementor-section-boxed elementor-section-height-default elementor-section-height-default wpr-particle-no wpr-jarallax-no wpr-parallax-no wpr-sticky-section-no elementor-invisible\" data-id=\"557c80121\" data-element_type=\"section\" data-e-type=\"section\" data-settings=\"{&quot;background_background&quot;:&quot;classic&quot;,&quot;animation&quot;:&quot;fadeInUp&quot;}\">\n\t\t\t\t\t\t<div class=\"elementor-container elementor-column-gap-default\">\n\t\t\t\t\t<div class=\"elementor-column elementor-col-100 elementor-top-column elementor-element elementor-element-4e2ba258\" data-id=\"4e2ba258\" data-element_type=\"column\" data-e-type=\"column\">\n\t\t\t<div class=\"elementor-widget-wrap elementor-element-populated\">\n\t\t\t\t\t\t<section class=\"elementor-section elementor-inner-section elementor-element elementor-element-73ea584 elementor-section-boxed elementor-section-height-default elementor-section-height-default wpr-particle-no wpr-jarallax-no wpr-parallax-no wpr-sticky-section-no\" data-id=\"73ea584\" data-element_type=\"section\" data-e-type=\"section\" data-settings=\"{&quot;background_background&quot;:&quot;classic&quot;}\">\n\t\t\t\t\t\t<div class=\"elementor-container elementor-column-gap-default\">\n\t\t\t\t\t<div class=\"elementor-column elementor-col-50 elementor-inner-column elementor-element elementor-element-24060f4e\" data-id=\"24060f4e\" data-element_type=\"column\" data-e-type=\"column\" data-settings=\"{&quot;background_background&quot;:&quot;classic&quot;}\">\n\t\t\t<div class=\"elementor-widget-wrap elementor-element-populated\">\n\t\t\t\t\t\t<div class=\"elementor-element elementor-element-0477930 elementor-invisible elementor-widget elementor-widget-heading\" data-id=\"0477930\" data-element_type=\"widget\" data-e-type=\"widget\" data-settings=\"{&quot;_animation&quot;:&quot;fadeInLeft&quot;}\" data-widget_type=\"heading.default\">\n\t\t\t\t<div class=\"elementor-widget-container\">\n\t\t\t\t\t<h2 class=\"elementor-heading-title elementor-size-default\">N\u00f3s Doamos<\/h2>\t\t\t\t<\/div>\n\t\t\t\t<\/div>\n\t\t\t\t<div class=\"elementor-element elementor-element-4739bac elementor-widget-divider--view-line elementor-invisible elementor-widget elementor-widget-divider\" data-id=\"4739bac\" data-element_type=\"widget\" data-e-type=\"widget\" data-settings=\"{&quot;_animation&quot;:&quot;fadeInLeft&quot;,&quot;_animation_delay&quot;:200}\" data-widget_type=\"divider.default\">\n\t\t\t\t<div class=\"elementor-widget-container\">\n\t\t\t\t\t\t\t<div class=\"elementor-divider\">\n\t\t\t<span class=\"elementor-divider-separator\">\n\t\t\t\t\t\t<\/span>\n\t\t<\/div>\n\t\t\t\t\t\t<\/div>\n\t\t\t\t<\/div>\n\t\t\t\t<div class=\"elementor-element elementor-element-7299441 elementor-invisible elementor-widget elementor-widget-text-editor\" data-id=\"7299441\" data-element_type=\"widget\" data-e-type=\"widget\" data-settings=\"{&quot;_animation&quot;:&quot;fadeInLeft&quot;,&quot;_animation_delay&quot;:100}\" data-widget_type=\"text-editor.default\">\n\t\t\t\t<div class=\"elementor-widget-container\">\n\t\t\t\t\t\t\t\t\t<p><style>\n    ul.custom-bullets {<br \/>      list-style: none;<br \/>      padding-left: 0;<br \/>    }<\/p>\n<p>    ul.custom-bullets li {<br \/>      position: relative;<br \/>      padding-left: 25px;<br \/>      margin-bottom: 8px;<br \/>    }<\/p>\n<p>    ul.custom-bullets li::before {<br \/>      content: \"\u2022\";<br \/>      position: absolute;<br \/>      left: 0;<br \/>      color: #F1BC43;<br \/>      font-size: 20px;<br \/>      line-height: 1;<br \/>    }<br \/>  <\/style><\/p><p>Na Associa\u00e7\u00e3o Veronas Davit, acreditamos que pequenas a\u00e7\u00f5es podem gerar grandes mudan\u00e7as. Atrav\u00e9s do ato simples, por\u00e9m poderoso, de doar. Pois, temos a oportunidade de transformar vidas e impactar comunidades inteiras em Angola. N\u00f3s doamos \u00e0s crian\u00e7as, jovens e em fam\u00edlias mais carenciadas:<\/p><ul class=\"custom-bullets\"><li>Alimentos.<\/li><li>Roupas.<\/li><li>Sapatos.<\/li><li>Kits de Cuidado e Higiene.<\/li><li>Prendas de Natal.<\/li><\/ul><p>Na certeza de que a nossa e a sua doa\u00e7\u00e3o \u00e9 mais do que um gesto de generosidade; \u00e9 um investimento no futuro dessas pessoas, que enfrentam desafios inimagin\u00e1veis em sua jornada para um futuro melhor.<\/p>\t\t\t\t\t\t\t\t<\/div>\n\t\t\t\t<\/div>\n\t\t\t\t<div class=\"elementor-element elementor-element-e0fb3a9 elementor-align-center elementor-invisible elementor-widget elementor-widget-button\" data-id=\"e0fb3a9\" data-element_type=\"widget\" data-e-type=\"widget\" data-settings=\"{&quot;_animation&quot;:&quot;fadeInLeft&quot;,&quot;_animation_delay&quot;:400}\" data-widget_type=\"button.default\">\n\t\t\t\t<div class=\"elementor-widget-container\">\n\t\t\t\t\t\t\t\t\t<div class=\"elementor-button-wrapper\">\n\t\t\t\t\t<a class=\"elementor-button elementor-button-link elementor-size-sm elementor-animation-grow\" href=\"https:\/\/veronasdavit.org\/veronasdavit\/fazer-doacao\/\">\n\t\t\t\t\t\t<span class=\"elementor-button-content-wrapper\">\n\t\t\t\t\t\t<span class=\"elementor-button-icon\">\n\t\t\t\t<i aria-hidden=\"true\" class=\"fas fa-hand-holding-medical\"><\/i>\t\t\t<\/span>\n\t\t\t\t\t\t\t\t\t<span class=\"elementor-button-text\">Eu Quero Doar<\/span>\n\t\t\t\t\t<\/span>\n\t\t\t\t\t<\/a>\n\t\t\t\t<\/div>\n\t\t\t\t\t\t\t\t<\/div>\n\t\t\t\t<\/div>\n\t\t\t\t\t<\/div>\n\t\t<\/div>\n\t\t\t\t<div class=\"elementor-column elementor-col-50 elementor-inner-column elementor-element elementor-element-6eabfda2\" data-id=\"6eabfda2\" data-element_type=\"column\" data-e-type=\"column\">\n\t\t\t<div class=\"elementor-widget-wrap elementor-element-populated\">\n\t\t\t\t\t\t<div class=\"elementor-element elementor-element-5173a36f animated-slow elementor-invisible elementor-widget elementor-widget-image\" data-id=\"5173a36f\" data-element_type=\"widget\" data-e-type=\"widget\" data-settings=\"{&quot;_animation&quot;:&quot;fadeInRight&quot;}\" data-widget_type=\"image.default\">\n\t\t\t\t<div class=\"elementor-widget-container\">\n\t\t\t\t\t\t\t\t\t\t\t\t\t\t\t<img decoding=\"async\" width=\"539\" height=\"610\" data-src=\"https:\/\/veronasdavit.org\/veronasdavit\/wp-content\/uploads\/2025\/05\/h2-hero-img-3.png\" class=\"attachment-large size-large wp-image-3534 lazyload\" alt=\"\" data-srcset=\"https:\/\/veronasdavit.org\/veronasdavit\/wp-content\/uploads\/2025\/05\/h2-hero-img-3.png 539w, https:\/\/veronasdavit.org\/veronasdavit\/wp-content\/uploads\/2025\/05\/h2-hero-img-3-265x300.png 265w\" data-sizes=\"(max-width: 539px) 100vw, 539px\" src=\"data:image\/svg+xml;base64,PHN2ZyB3aWR0aD0iMSIgaGVpZ2h0PSIxIiB4bWxucz0iaHR0cDovL3d3dy53My5vcmcvMjAwMC9zdmciPjwvc3ZnPg==\" style=\"--smush-placeholder-width: 539px; --smush-placeholder-aspect-ratio: 539\/610;\" \/>\t\t\t\t\t\t\t\t\t\t\t\t\t\t\t<\/div>\n\t\t\t\t<\/div>\n\t\t\t\t\t<\/div>\n\t\t<\/div>\n\t\t\t\t\t<\/div>\n\t\t<\/section>\n\t\t\t\t\t<\/div>\n\t\t<\/div>\n\t\t\t\t\t<\/div>\n\t\t<\/section>\n\t\t\t\t<section class=\"elementor-section elementor-top-section elementor-element elementor-element-2c35ba2 elementor-section-boxed elementor-section-height-default elementor-section-height-default wpr-particle-no wpr-jarallax-no wpr-parallax-no wpr-sticky-section-no\" data-id=\"2c35ba2\" data-element_type=\"section\" data-e-type=\"section\" data-settings=\"{&quot;background_background&quot;:&quot;classic&quot;}\">\n\t\t\t\t\t\t<div class=\"elementor-container elementor-column-gap-default\">\n\t\t\t\t\t<div class=\"elementor-column elementor-col-100 elementor-top-column elementor-element elementor-element-fdc8c08\" data-id=\"fdc8c08\" data-element_type=\"column\" data-e-type=\"column\">\n\t\t\t<div class=\"elementor-widget-wrap elementor-element-populated\">\n\t\t\t\t\t\t<div class=\"elementor-element elementor-element-b48691d elementor-invisible elementor-widget elementor-widget-heading\" data-id=\"b48691d\" data-element_type=\"widget\" data-e-type=\"widget\" data-settings=\"{&quot;_animation&quot;:&quot;fadeInLeft&quot;}\" data-widget_type=\"heading.default\">\n\t\t\t\t<div class=\"elementor-widget-container\">\n\t\t\t\t\t<h2 class=\"elementor-heading-title elementor-size-default\">Eventos &amp; Atualiza\u00e7\u00f5es<\/h2>\t\t\t\t<\/div>\n\t\t\t\t<\/div>\n\t\t\t\t<div class=\"elementor-element elementor-element-6672e5d elementor-invisible elementor-widget elementor-widget-shortcode\" data-id=\"6672e5d\" data-element_type=\"widget\" data-e-type=\"widget\" data-settings=\"{&quot;_animation&quot;:&quot;fadeInLeft&quot;,&quot;_animation_delay&quot;:200}\" data-widget_type=\"shortcode.default\">\n\t\t\t\t<div class=\"elementor-widget-container\">\n\t\t\t\t\t\t\t<div class=\"elementor-shortcode\">\t\t<div class=\"wppsac-wrap wppsac-slick-slider-wrp wppsac-clearfix \" data-conf=\"{&quot;dots&quot;:&quot;true&quot;,&quot;arrows&quot;:&quot;true&quot;,&quot;autoplay&quot;:&quot;true&quot;,&quot;autoplay_interval&quot;:3000,&quot;speed&quot;:500,&quot;rtl&quot;:&quot;false&quot;,&quot;lazyload&quot;:&quot;&quot;}\">\r\n\t\t\t<div id=\"wppsac-post-slider-1\" class=\"wppsac-post-slider-init wppsac-post-slider design-1\">\r\n\t\t\t\t<div class=\"wppsac-post-slides\">\r\n\t<div class=\"wppsac-post-content-position\">\r\n\t\t<div class=\"wppsac-post-content-left wp-medium-8 wpcolumns\">\r\n\t\t\t\t\t\t<div class=\"wppsac-post-categories\"><ul class=\"wppsac-post-categories-list\"><li><a href=\"https:\/\/veronasdavit.org\/veronasdavit\/category\/actividades-sociais\/\">Actividades Sociais<\/a><\/li><\/ul><\/div>\r\n\t\t\t\r\n\t\t\t<h2 class=\"wppsac-post-title\">\r\n\t\t\t\t<a href=\"https:\/\/veronasdavit.org\/veronasdavit\/natal-solidario-21-de-dezembro-de-2024\/\">NATAL SOLID\u00c1RIO &#8211; 21 DE DEZEMBRO DE 2024<\/a>\r\n\t\t\t<\/h2>\r\n\r\n\t\t\t\t\t\t<div class=\"wppsac-post-date\">\r\n\t\t\t\tdezembro 21, 2024\t\t\t<\/div>\r\n\t\t\t\t\t\t<div class=\"wppsac-post-content\">\r\n\t\t\t\t<div class=\"wppsac-sub-content\">Em dezembro, dia 21 do ano de 2024, em alus\u00e3o ao m\u00eas natal\u00edcio, A Associa\u00e7\u00e3o Veronas Davit realizou uma a\u00e7\u00e3o...<\/div>\r\n\t\t\t\t\r\n\t\t\t\t\t\t\t\t<a class=\"wppsac-readmorebtn\" href=\"https:\/\/veronasdavit.org\/veronasdavit\/natal-solidario-21-de-dezembro-de-2024\/\">Read More<\/a>\r\n\t\t\t\t\t\t\t<\/div>\r\n\t\t\t\t\t<\/div>\r\n\t\t<div class=\"wppsac-post-image-bg\">\r\n\t\t\t<a href=\"https:\/\/veronasdavit.org\/veronasdavit\/natal-solidario-21-de-dezembro-de-2024\/\">\r\n\t\t\t\t\t\t\t\t<img decoding=\"async\" class=\"wppsac-post-image lazyload\"  data-src=\"https:\/\/veronasdavit.org\/veronasdavit\/wp-content\/uploads\/2024\/12\/27-300x200.jpg\" alt=\"NATAL SOLID\u00c1RIO &#8211; 21 DE DEZEMBRO DE 2024\" src=\"data:image\/svg+xml;base64,PHN2ZyB3aWR0aD0iMSIgaGVpZ2h0PSIxIiB4bWxucz0iaHR0cDovL3d3dy53My5vcmcvMjAwMC9zdmciPjwvc3ZnPg==\" style=\"--smush-placeholder-width: 300px; --smush-placeholder-aspect-ratio: 300\/200;\" \/>\r\n\t\t\t\t\t\t\t<\/a>\r\n\t\t<\/div>\r\n\t<\/div>\r\n<\/div><div class=\"wppsac-post-slides\">\r\n\t<div class=\"wppsac-post-content-position\">\r\n\t\t<div class=\"wppsac-post-content-left wp-medium-8 wpcolumns\">\r\n\t\t\t\t\t\t<div class=\"wppsac-post-categories\"><ul class=\"wppsac-post-categories-list\"><li><a href=\"https:\/\/veronasdavit.org\/veronasdavit\/category\/lar-do-acolhimento\/\">Lar do Acolhimento<\/a><\/li><li><a href=\"https:\/\/veronasdavit.org\/veronasdavit\/category\/projectos-sociais\/\">Projectos Sociais<\/a><\/li><\/ul><\/div>\r\n\t\t\t\r\n\t\t\t<h2 class=\"wppsac-post-title\">\r\n\t\t\t\t<a href=\"https:\/\/veronasdavit.org\/veronasdavit\/lar-de-acolhimento-veronas-davit\/\">LAR DE ACOLHIMENTO VERONAS DAVIT<\/a>\r\n\t\t\t<\/h2>\r\n\r\n\t\t\t\t\t\t<div class=\"wppsac-post-date\">\r\n\t\t\t\tjunho 16, 2024\t\t\t<\/div>\r\n\t\t\t\t\t\t<div class=\"wppsac-post-content\">\r\n\t\t\t\t<div class=\"wppsac-sub-content\">No \u00e2mbito das actividades que envolvem a responsabilidade social e de envolvimento com a comunidade, a Associa\u00e7\u00e3o Veronas Davit em...<\/div>\r\n\t\t\t\t\r\n\t\t\t\t\t\t\t\t<a class=\"wppsac-readmorebtn\" href=\"https:\/\/veronasdavit.org\/veronasdavit\/lar-de-acolhimento-veronas-davit\/\">Read More<\/a>\r\n\t\t\t\t\t\t\t<\/div>\r\n\t\t\t\t\t<\/div>\r\n\t\t<div class=\"wppsac-post-image-bg\">\r\n\t\t\t<a href=\"https:\/\/veronasdavit.org\/veronasdavit\/lar-de-acolhimento-veronas-davit\/\">\r\n\t\t\t\t\t\t\t\t<img decoding=\"async\" class=\"wppsac-post-image lazyload\"  data-src=\"https:\/\/veronasdavit.org\/veronasdavit\/wp-content\/uploads\/2025\/06\/WhatsApp-Image-2025-03-07-at-21.32.27-300x200.jpeg\" alt=\"LAR DE ACOLHIMENTO VERONAS DAVIT\" src=\"data:image\/svg+xml;base64,PHN2ZyB3aWR0aD0iMSIgaGVpZ2h0PSIxIiB4bWxucz0iaHR0cDovL3d3dy53My5vcmcvMjAwMC9zdmciPjwvc3ZnPg==\" style=\"--smush-placeholder-width: 300px; --smush-placeholder-aspect-ratio: 300\/200;\" \/>\r\n\t\t\t\t\t\t\t<\/a>\r\n\t\t<\/div>\r\n\t<\/div>\r\n<\/div><div class=\"wppsac-post-slides\">\r\n\t<div class=\"wppsac-post-content-position\">\r\n\t\t<div class=\"wppsac-post-content-left wp-medium-8 wpcolumns\">\r\n\t\t\t\t\t\t<div class=\"wppsac-post-categories\"><ul class=\"wppsac-post-categories-list\"><li><a href=\"https:\/\/veronasdavit.org\/veronasdavit\/category\/actividades-sociais\/\">Actividades Sociais<\/a><\/li><\/ul><\/div>\r\n\t\t\t\r\n\t\t\t<h2 class=\"wppsac-post-title\">\r\n\t\t\t\t<a href=\"https:\/\/veronasdavit.org\/veronasdavit\/dia-internacional-da-crianca-2024\/\">DIA INTERNACIONAL DA CRIAN\u00c7A &#8211; 2024<\/a>\r\n\t\t\t<\/h2>\r\n\r\n\t\t\t\t\t\t<div class=\"wppsac-post-date\">\r\n\t\t\t\tjunho 15, 2024\t\t\t<\/div>\r\n\t\t\t\t\t\t<div class=\"wppsac-post-content\">\r\n\t\t\t\t<div class=\"wppsac-sub-content\">A ASSOCIA\u00c7\u00c3O VERONAS DAVIT: Em junho, dia 15 do ano de 2024, em alus\u00e3o ao m\u00eas da crian\u00e7a, foi realizada...<\/div>\r\n\t\t\t\t\r\n\t\t\t\t\t\t\t\t<a class=\"wppsac-readmorebtn\" href=\"https:\/\/veronasdavit.org\/veronasdavit\/dia-internacional-da-crianca-2024\/\">Read More<\/a>\r\n\t\t\t\t\t\t\t<\/div>\r\n\t\t\t\t\t<\/div>\r\n\t\t<div class=\"wppsac-post-image-bg\">\r\n\t\t\t<a href=\"https:\/\/veronasdavit.org\/veronasdavit\/dia-internacional-da-crianca-2024\/\">\r\n\t\t\t\t\t\t\t\t<img decoding=\"async\" class=\"wppsac-post-image lazyload\"  data-src=\"https:\/\/veronasdavit.org\/veronasdavit\/wp-content\/uploads\/2025\/06\/17-1-300x200.jpg\" alt=\"DIA INTERNACIONAL DA CRIAN\u00c7A &#8211; 2024\" src=\"data:image\/svg+xml;base64,PHN2ZyB3aWR0aD0iMSIgaGVpZ2h0PSIxIiB4bWxucz0iaHR0cDovL3d3dy53My5vcmcvMjAwMC9zdmciPjwvc3ZnPg==\" style=\"--smush-placeholder-width: 300px; --smush-placeholder-aspect-ratio: 300\/200;\" \/>\r\n\t\t\t\t\t\t\t<\/a>\r\n\t\t<\/div>\r\n\t<\/div>\r\n<\/div><div class=\"wppsac-post-slides\">\r\n\t<div class=\"wppsac-post-content-position\">\r\n\t\t<div class=\"wppsac-post-content-left wp-medium-8 wpcolumns\">\r\n\t\t\t\t\t\t<div class=\"wppsac-post-categories\"><ul class=\"wppsac-post-categories-list\"><li><a href=\"https:\/\/veronasdavit.org\/veronasdavit\/category\/actividades-sociais\/\">Actividades Sociais<\/a><\/li><\/ul><\/div>\r\n\t\t\t\r\n\t\t\t<h2 class=\"wppsac-post-title\">\r\n\t\t\t\t<a href=\"https:\/\/veronasdavit.org\/veronasdavit\/marco-mulher-dia-30-de-marco-2024\/\">MAR\u00c7O MULHER &#8211; DIA 30 DE MAR\u00c7O 2024<\/a>\r\n\t\t\t<\/h2>\r\n\r\n\t\t\t\t\t\t<div class=\"wppsac-post-date\">\r\n\t\t\t\tmar\u00e7o 30, 2024\t\t\t<\/div>\r\n\t\t\t\t\t\t<div class=\"wppsac-post-content\">\r\n\t\t\t\t<div class=\"wppsac-sub-content\">Em mar\u00e7o, dia 30 do ano de 2024, em alus\u00e3o ao m\u00eas da mulher, A Associa\u00e7\u00e3o Veronas Davit realizou uma...<\/div>\r\n\t\t\t\t\r\n\t\t\t\t\t\t\t\t<a class=\"wppsac-readmorebtn\" href=\"https:\/\/veronasdavit.org\/veronasdavit\/marco-mulher-dia-30-de-marco-2024\/\">Read More<\/a>\r\n\t\t\t\t\t\t\t<\/div>\r\n\t\t\t\t\t<\/div>\r\n\t\t<div class=\"wppsac-post-image-bg\">\r\n\t\t\t<a href=\"https:\/\/veronasdavit.org\/veronasdavit\/marco-mulher-dia-30-de-marco-2024\/\">\r\n\t\t\t\t\t\t\t\t<img decoding=\"async\" class=\"wppsac-post-image lazyload\"  data-src=\"https:\/\/veronasdavit.org\/veronasdavit\/wp-content\/uploads\/2024\/03\/18-200x300.jpg\" alt=\"MAR\u00c7O MULHER &#8211; DIA 30 DE MAR\u00c7O 2024\" src=\"data:image\/svg+xml;base64,PHN2ZyB3aWR0aD0iMSIgaGVpZ2h0PSIxIiB4bWxucz0iaHR0cDovL3d3dy53My5vcmcvMjAwMC9zdmciPjwvc3ZnPg==\" style=\"--smush-placeholder-width: 200px; --smush-placeholder-aspect-ratio: 200\/300;\" \/>\r\n\t\t\t\t\t\t\t<\/a>\r\n\t\t<\/div>\r\n\t<\/div>\r\n<\/div><div class=\"wppsac-post-slides\">\r\n\t<div class=\"wppsac-post-content-position\">\r\n\t\t<div class=\"wppsac-post-content-left wp-medium-8 wpcolumns\">\r\n\t\t\t\t\t\t<div class=\"wppsac-post-categories\"><ul class=\"wppsac-post-categories-list\"><li><a href=\"https:\/\/veronasdavit.org\/veronasdavit\/category\/actividades-sociais\/\">Actividades Sociais<\/a><\/li><\/ul><\/div>\r\n\t\t\t\r\n\t\t\t<h2 class=\"wppsac-post-title\">\r\n\t\t\t\t<a href=\"https:\/\/veronasdavit.org\/veronasdavit\/natal-solidario-dezembro-de-2023\/\">NATAL SOLID\u00c1RIO &#8211; DEZEMBRO DE 2023<\/a>\r\n\t\t\t<\/h2>\r\n\r\n\t\t\t\t\t\t<div class=\"wppsac-post-date\">\r\n\t\t\t\tdezembro 30, 2023\t\t\t<\/div>\r\n\t\t\t\t\t\t<div class=\"wppsac-post-content\">\r\n\t\t\t\t<div class=\"wppsac-sub-content\">Em dezembro, dia 30 do ano de 2023, em alus\u00e3o ao m\u00eas natal\u00edcio, A Associa\u00e7\u00e3o Veronas Davit realizou uma a\u00e7\u00e3o...<\/div>\r\n\t\t\t\t\r\n\t\t\t\t\t\t\t\t<a class=\"wppsac-readmorebtn\" href=\"https:\/\/veronasdavit.org\/veronasdavit\/natal-solidario-dezembro-de-2023\/\">Read More<\/a>\r\n\t\t\t\t\t\t\t<\/div>\r\n\t\t\t\t\t<\/div>\r\n\t\t<div class=\"wppsac-post-image-bg\">\r\n\t\t\t<a href=\"https:\/\/veronasdavit.org\/veronasdavit\/natal-solidario-dezembro-de-2023\/\">\r\n\t\t\t\t\t\t\t\t<img decoding=\"async\" class=\"wppsac-post-image lazyload\"  data-src=\"https:\/\/veronasdavit.org\/veronasdavit\/wp-content\/uploads\/2025\/06\/17-300x200.jpg\" alt=\"NATAL SOLID\u00c1RIO &#8211; DEZEMBRO DE 2023\" src=\"data:image\/svg+xml;base64,PHN2ZyB3aWR0aD0iMSIgaGVpZ2h0PSIxIiB4bWxucz0iaHR0cDovL3d3dy53My5vcmcvMjAwMC9zdmciPjwvc3ZnPg==\" style=\"--smush-placeholder-width: 300px; --smush-placeholder-aspect-ratio: 300\/200;\" \/>\r\n\t\t\t\t\t\t\t<\/a>\r\n\t\t<\/div>\r\n\t<\/div>\r\n<\/div><div class=\"wppsac-post-slides\">\r\n\t<div class=\"wppsac-post-content-position\">\r\n\t\t<div class=\"wppsac-post-content-left wp-medium-8 wpcolumns\">\r\n\t\t\t\t\t\t<div class=\"wppsac-post-categories\"><ul class=\"wppsac-post-categories-list\"><li><a href=\"https:\/\/veronasdavit.org\/veronasdavit\/category\/actividades-sociais\/\">Actividades Sociais<\/a><\/li><\/ul><\/div>\r\n\t\t\t\r\n\t\t\t<h2 class=\"wppsac-post-title\">\r\n\t\t\t\t<a href=\"https:\/\/veronasdavit.org\/veronasdavit\/dia-da-crianca-16-de-junho-de-2023\/\">DIA DA CRIAN\u00c7A &#8211; 16 DE JUNHO DE 2023<\/a>\r\n\t\t\t<\/h2>\r\n\r\n\t\t\t\t\t\t<div class=\"wppsac-post-date\">\r\n\t\t\t\tjunho 16, 2023\t\t\t<\/div>\r\n\t\t\t\t\t\t<div class=\"wppsac-post-content\">\r\n\t\t\t\t<div class=\"wppsac-sub-content\">Em Junho, dia 15 do ano 2023, em alus\u00e3o ao m\u00eas da Crian\u00e7a, A Associa\u00e7\u00e3o Veronas Davit realizou uma a\u00e7\u00e3o...<\/div>\r\n\t\t\t\t\r\n\t\t\t\t\t\t\t\t<a class=\"wppsac-readmorebtn\" href=\"https:\/\/veronasdavit.org\/veronasdavit\/dia-da-crianca-16-de-junho-de-2023\/\">Read More<\/a>\r\n\t\t\t\t\t\t\t<\/div>\r\n\t\t\t\t\t<\/div>\r\n\t\t<div class=\"wppsac-post-image-bg\">\r\n\t\t\t<a href=\"https:\/\/veronasdavit.org\/veronasdavit\/dia-da-crianca-16-de-junho-de-2023\/\">\r\n\t\t\t\t\t\t\t\t<img decoding=\"async\" class=\"wppsac-post-image lazyload\"  data-src=\"https:\/\/veronasdavit.org\/veronasdavit\/wp-content\/uploads\/2025\/06\/Destaque-4-300x225.jpg\" alt=\"DIA DA CRIAN\u00c7A &#8211; 16 DE JUNHO DE 2023\" src=\"data:image\/svg+xml;base64,PHN2ZyB3aWR0aD0iMSIgaGVpZ2h0PSIxIiB4bWxucz0iaHR0cDovL3d3dy53My5vcmcvMjAwMC9zdmciPjwvc3ZnPg==\" style=\"--smush-placeholder-width: 300px; --smush-placeholder-aspect-ratio: 300\/225;\" \/>\r\n\t\t\t\t\t\t\t<\/a>\r\n\t\t<\/div>\r\n\t<\/div>\r\n<\/div><div class=\"wppsac-post-slides\">\r\n\t<div class=\"wppsac-post-content-position\">\r\n\t\t<div class=\"wppsac-post-content-left wp-medium-8 wpcolumns\">\r\n\t\t\t\t\t\t<div class=\"wppsac-post-categories\"><ul class=\"wppsac-post-categories-list\"><li><a href=\"https:\/\/veronasdavit.org\/veronasdavit\/category\/actividades-sociais\/\">Actividades Sociais<\/a><\/li><\/ul><\/div>\r\n\t\t\t\r\n\t\t\t<h2 class=\"wppsac-post-title\">\r\n\t\t\t\t<a href=\"https:\/\/veronasdavit.org\/veronasdavit\/actividade-realizada-internamente-em-2022-davit\/\">ACTIVIDADE REALIZADA INTERNAMENTE EM 2022 &#8211; DAVIT<\/a>\r\n\t\t\t<\/h2>\r\n\r\n\t\t\t\t\t\t<div class=\"wppsac-post-date\">\r\n\t\t\t\tjunho 15, 2022\t\t\t<\/div>\r\n\t\t\t\t\t\t<div class=\"wppsac-post-content\">\r\n\t\t\t\t<div class=\"wppsac-sub-content\">Em Junho, dia 15 do ano 2022, em alus\u00e3o ao m\u00eas da Crian\u00e7a, A Associa\u00e7\u00e3o Veronas Davit realizou uma a\u00e7\u00e3o...<\/div>\r\n\t\t\t\t\r\n\t\t\t\t\t\t\t\t<a class=\"wppsac-readmorebtn\" href=\"https:\/\/veronasdavit.org\/veronasdavit\/actividade-realizada-internamente-em-2022-davit\/\">Read More<\/a>\r\n\t\t\t\t\t\t\t<\/div>\r\n\t\t\t\t\t<\/div>\r\n\t\t<div class=\"wppsac-post-image-bg\">\r\n\t\t\t<a href=\"https:\/\/veronasdavit.org\/veronasdavit\/actividade-realizada-internamente-em-2022-davit\/\">\r\n\t\t\t\t\t\t\t\t<img decoding=\"async\" class=\"wppsac-post-image lazyload\"  data-src=\"https:\/\/veronasdavit.org\/veronasdavit\/wp-content\/uploads\/2025\/06\/09-300x225.jpg\" alt=\"ACTIVIDADE REALIZADA INTERNAMENTE EM 2022 &#8211; DAVIT\" src=\"data:image\/svg+xml;base64,PHN2ZyB3aWR0aD0iMSIgaGVpZ2h0PSIxIiB4bWxucz0iaHR0cDovL3d3dy53My5vcmcvMjAwMC9zdmciPjwvc3ZnPg==\" style=\"--smush-placeholder-width: 300px; --smush-placeholder-aspect-ratio: 300\/225;\" \/>\r\n\t\t\t\t\t\t\t<\/a>\r\n\t\t<\/div>\r\n\t<\/div>\r\n<\/div><div class=\"wppsac-post-slides\">\r\n\t<div class=\"wppsac-post-content-position\">\r\n\t\t<div class=\"wppsac-post-content-left wp-medium-8 wpcolumns\">\r\n\t\t\t\t\t\t<div class=\"wppsac-post-categories\"><ul class=\"wppsac-post-categories-list\"><li><a href=\"https:\/\/veronasdavit.org\/veronasdavit\/category\/actividades-sociais\/\">Actividades Sociais<\/a><\/li><\/ul><\/div>\r\n\t\t\t\r\n\t\t\t<h2 class=\"wppsac-post-title\">\r\n\t\t\t\t<a href=\"https:\/\/veronasdavit.org\/veronasdavit\/actividade-realizada-no-lar-da-terceira-idade\/\">ACTIVIDADE REALIZADA NO LAR DA TERCEIRA IDADE<\/a>\r\n\t\t\t<\/h2>\r\n\r\n\t\t\t\t\t\t<div class=\"wppsac-post-date\">\r\n\t\t\t\tsetembro 21, 2021\t\t\t<\/div>\r\n\t\t\t\t\t\t<div class=\"wppsac-post-content\">\r\n\t\t\t\t<div class=\"wppsac-sub-content\">Em Setembro, dia 21 do ano 2021, em alus\u00e3o ao m\u00eas da Crian\u00e7a, A Associa\u00e7\u00e3o Veronas Davit realizou uma a\u00e7\u00e3o...<\/div>\r\n\t\t\t\t\r\n\t\t\t\t\t\t\t\t<a class=\"wppsac-readmorebtn\" href=\"https:\/\/veronasdavit.org\/veronasdavit\/actividade-realizada-no-lar-da-terceira-idade\/\">Read More<\/a>\r\n\t\t\t\t\t\t\t<\/div>\r\n\t\t\t\t\t<\/div>\r\n\t\t<div class=\"wppsac-post-image-bg\">\r\n\t\t\t<a href=\"https:\/\/veronasdavit.org\/veronasdavit\/actividade-realizada-no-lar-da-terceira-idade\/\">\r\n\t\t\t\t\t\t\t\t<img decoding=\"async\" class=\"wppsac-post-image lazyload\"  data-src=\"https:\/\/veronasdavit.org\/veronasdavit\/wp-content\/uploads\/2025\/06\/03-3-300x169.jpg\" alt=\"ACTIVIDADE REALIZADA NO LAR DA TERCEIRA IDADE\" src=\"data:image\/svg+xml;base64,PHN2ZyB3aWR0aD0iMSIgaGVpZ2h0PSIxIiB4bWxucz0iaHR0cDovL3d3dy53My5vcmcvMjAwMC9zdmciPjwvc3ZnPg==\" style=\"--smush-placeholder-width: 300px; --smush-placeholder-aspect-ratio: 300\/169;\" \/>\r\n\t\t\t\t\t\t\t<\/a>\r\n\t\t<\/div>\r\n\t<\/div>\r\n<\/div><div class=\"wppsac-post-slides\">\r\n\t<div class=\"wppsac-post-content-position\">\r\n\t\t<div class=\"wppsac-post-content-left wp-medium-8 wpcolumns\">\r\n\t\t\t\t\t\t<div class=\"wppsac-post-categories\"><ul class=\"wppsac-post-categories-list\"><li><a href=\"https:\/\/veronasdavit.org\/veronasdavit\/category\/actividades-sociais\/\">Actividades Sociais<\/a><\/li><\/ul><\/div>\r\n\t\t\t\r\n\t\t\t<h2 class=\"wppsac-post-title\">\r\n\t\t\t\t<a href=\"https:\/\/veronasdavit.org\/veronasdavit\/actividade-realizada-em-tempo-de-covid-19\/\">ACTIVIDADE REALIZADA EM TEMPO DE COVID 19<\/a>\r\n\t\t\t<\/h2>\r\n\r\n\t\t\t\t\t\t<div class=\"wppsac-post-date\">\r\n\t\t\t\tmar\u00e7o 16, 2020\t\t\t<\/div>\r\n\t\t\t\t\t\t<div class=\"wppsac-post-content\">\r\n\t\t\t\t<div class=\"wppsac-sub-content\">Em mar\u00e7o, do ano 2020, em resposta a situa\u00e7\u00e3o pand\u00e9mica que o pa\u00eds estava atravessando, A Associa\u00e7\u00e3o Veronas Davit realizou...<\/div>\r\n\t\t\t\t\r\n\t\t\t\t\t\t\t\t<a class=\"wppsac-readmorebtn\" href=\"https:\/\/veronasdavit.org\/veronasdavit\/actividade-realizada-em-tempo-de-covid-19\/\">Read More<\/a>\r\n\t\t\t\t\t\t\t<\/div>\r\n\t\t\t\t\t<\/div>\r\n\t\t<div class=\"wppsac-post-image-bg\">\r\n\t\t\t<a href=\"https:\/\/veronasdavit.org\/veronasdavit\/actividade-realizada-em-tempo-de-covid-19\/\">\r\n\t\t\t\t\t\t\t\t<img decoding=\"async\" class=\"wppsac-post-image lazyload\"  data-src=\"https:\/\/veronasdavit.org\/veronasdavit\/wp-content\/uploads\/2025\/06\/02-3-300x168.jpg\" alt=\"ACTIVIDADE REALIZADA EM TEMPO DE COVID 19\" src=\"data:image\/svg+xml;base64,PHN2ZyB3aWR0aD0iMSIgaGVpZ2h0PSIxIiB4bWxucz0iaHR0cDovL3d3dy53My5vcmcvMjAwMC9zdmciPjwvc3ZnPg==\" style=\"--smush-placeholder-width: 300px; --smush-placeholder-aspect-ratio: 300\/168;\" \/>\r\n\t\t\t\t\t\t\t<\/a>\r\n\t\t<\/div>\r\n\t<\/div>\r\n<\/div><div class=\"wppsac-post-slides\">\r\n\t<div class=\"wppsac-post-content-position\">\r\n\t\t<div class=\"wppsac-post-content-left wp-medium-8 wpcolumns\">\r\n\t\t\t\t\t\t<div class=\"wppsac-post-categories\"><ul class=\"wppsac-post-categories-list\"><li><a href=\"https:\/\/veronasdavit.org\/veronasdavit\/category\/actividades-sociais\/\">Actividades Sociais<\/a><\/li><\/ul><\/div>\r\n\t\t\t\r\n\t\t\t<h2 class=\"wppsac-post-title\">\r\n\t\t\t\t<a href=\"https:\/\/veronasdavit.org\/veronasdavit\/actividade-realizada-no-bengo\/\">ACTIVIDADE REALIZADA NO BENGO<\/a>\r\n\t\t\t<\/h2>\r\n\r\n\t\t\t\t\t\t<div class=\"wppsac-post-date\">\r\n\t\t\t\tnovembro 15, 2019\t\t\t<\/div>\r\n\t\t\t\t\t\t<div class=\"wppsac-post-content\">\r\n\t\t\t\t<div class=\"wppsac-sub-content\">Em Novembro, dia 15 do ano 2019, A Associa\u00e7\u00e3o Veronas Davit realizou uma a\u00e7\u00e3o social no Bengo-Kinji Piri; uma actividade...<\/div>\r\n\t\t\t\t\r\n\t\t\t\t\t\t\t\t<a class=\"wppsac-readmorebtn\" href=\"https:\/\/veronasdavit.org\/veronasdavit\/actividade-realizada-no-bengo\/\">Read More<\/a>\r\n\t\t\t\t\t\t\t<\/div>\r\n\t\t\t\t\t<\/div>\r\n\t\t<div class=\"wppsac-post-image-bg\">\r\n\t\t\t<a href=\"https:\/\/veronasdavit.org\/veronasdavit\/actividade-realizada-no-bengo\/\">\r\n\t\t\t\t\t\t\t\t<img decoding=\"async\" class=\"wppsac-post-image lazyload\"  data-src=\"https:\/\/veronasdavit.org\/veronasdavit\/wp-content\/uploads\/2025\/06\/Destaque-300x225.jpg\" alt=\"ACTIVIDADE REALIZADA NO BENGO\" src=\"data:image\/svg+xml;base64,PHN2ZyB3aWR0aD0iMSIgaGVpZ2h0PSIxIiB4bWxucz0iaHR0cDovL3d3dy53My5vcmcvMjAwMC9zdmciPjwvc3ZnPg==\" style=\"--smush-placeholder-width: 300px; --smush-placeholder-aspect-ratio: 300\/225;\" \/>\r\n\t\t\t\t\t\t\t<\/a>\r\n\t\t<\/div>\r\n\t<\/div>\r\n<\/div>\t\t\t<\/div>\r\n\t\t<\/div>\r\n\t<\/div>\n\t\t\t\t\t\t<\/div>\n\t\t\t\t<\/div>\n\t\t\t\t\t<\/div>\n\t\t<\/div>\n\t\t\t\t\t<\/div>\n\t\t<\/section>\n\t\t\t\t<section class=\"elementor-section elementor-top-section elementor-element elementor-element-03b2f53 elementor-section-full_width animated-slow elementor-section-height-default elementor-section-height-default wpr-particle-no wpr-jarallax-no wpr-parallax-no wpr-sticky-section-no elementor-invisible\" data-id=\"03b2f53\" data-element_type=\"section\" data-e-type=\"section\" data-settings=\"{&quot;background_background&quot;:&quot;classic&quot;,&quot;animation&quot;:&quot;fadeIn&quot;}\">\n\t\t\t\t\t\t\t<div class=\"elementor-background-overlay\"><\/div>\n\t\t\t\t\t\t\t<div class=\"elementor-container elementor-column-gap-default\">\n\t\t\t\t\t<div class=\"elementor-column elementor-col-100 elementor-top-column elementor-element elementor-element-443a80a\" data-id=\"443a80a\" data-element_type=\"column\" data-e-type=\"column\">\n\t\t\t<div class=\"elementor-widget-wrap elementor-element-populated\">\n\t\t\t\t\t\t<div class=\"elementor-element elementor-element-a52287c animated-fast elementor-invisible elementor-widget elementor-widget-heading\" data-id=\"a52287c\" data-element_type=\"widget\" data-e-type=\"widget\" data-settings=\"{&quot;_animation&quot;:&quot;fadeInUp&quot;}\" data-widget_type=\"heading.default\">\n\t\t\t\t<div class=\"elementor-widget-container\">\n\t\t\t\t\t<h4 class=\"elementor-heading-title elementor-size-default\">Junta-te ao Movimento<\/h4>\t\t\t\t<\/div>\n\t\t\t\t<\/div>\n\t\t\t\t<div class=\"elementor-element elementor-element-c4ba174 animated-fast elementor-invisible elementor-widget elementor-widget-heading\" data-id=\"c4ba174\" data-element_type=\"widget\" data-e-type=\"widget\" data-settings=\"{&quot;_animation&quot;:&quot;fadeInUp&quot;}\" data-widget_type=\"heading.default\">\n\t\t\t\t<div class=\"elementor-widget-container\">\n\t\t\t\t\t<h1 class=\"elementor-heading-title elementor-size-default\">DE PESSOAS <br>PARA PESSOAS<\/h1>\t\t\t\t<\/div>\n\t\t\t\t<\/div>\n\t\t\t\t<div class=\"elementor-element elementor-element-bcd6b4b elementor-invisible elementor-widget elementor-widget-icon-box\" data-id=\"bcd6b4b\" data-element_type=\"widget\" data-e-type=\"widget\" data-settings=\"{&quot;_animation&quot;:&quot;fadeInUp&quot;}\" data-widget_type=\"icon-box.default\">\n\t\t\t\t<div class=\"elementor-widget-container\">\n\t\t\t\t\t\t\t<div class=\"elementor-icon-box-wrapper\">\n\n\t\t\t\n\t\t\t\t\t\t<div class=\"elementor-icon-box-content\">\n\n\t\t\t\t\n\t\t\t\t\t\t\t\t\t<p class=\"elementor-icon-box-description\">\n\t\t\t\t\t\tPara transforma\u00e7\u00e3o e desenvolvimento de pessoas, <br>em comunidades e abastecimento sustent\u00e1vel, com foco<br> especial nas necessidades de crian\u00e7as, jovens e mulheres.\t\t\t\t\t<\/p>\n\t\t\t\t\n\t\t\t<\/div>\n\t\t\t\n\t\t<\/div>\n\t\t\t\t\t\t<\/div>\n\t\t\t\t<\/div>\n\t\t\t\t<div class=\"elementor-element elementor-element-82f0d13 animated-slow e-transform elementor-invisible elementor-widget elementor-widget-button\" data-id=\"82f0d13\" data-element_type=\"widget\" data-e-type=\"widget\" data-settings=\"{&quot;_animation&quot;:&quot;fadeInUp&quot;,&quot;_transform_scale_effect_hover&quot;:{&quot;unit&quot;:&quot;px&quot;,&quot;size&quot;:1.01,&quot;sizes&quot;:[]},&quot;_transform_scale_effect_hover_tablet&quot;:{&quot;unit&quot;:&quot;px&quot;,&quot;size&quot;:&quot;&quot;,&quot;sizes&quot;:[]},&quot;_transform_scale_effect_hover_mobile&quot;:{&quot;unit&quot;:&quot;px&quot;,&quot;size&quot;:&quot;&quot;,&quot;sizes&quot;:[]}}\" data-widget_type=\"button.default\">\n\t\t\t\t<div class=\"elementor-widget-container\">\n\t\t\t\t\t\t\t\t\t<div class=\"elementor-button-wrapper\">\n\t\t\t\t\t<a class=\"elementor-button elementor-button-link elementor-size-sm\" href=\"https:\/\/veronasdavit.org\/veronasdavit\/contactos\/\">\n\t\t\t\t\t\t<span class=\"elementor-button-content-wrapper\">\n\t\t\t\t\t\t\t\t\t<span class=\"elementor-button-text\">Fale Connosco<\/span>\n\t\t\t\t\t<\/span>\n\t\t\t\t\t<\/a>\n\t\t\t\t<\/div>\n\t\t\t\t\t\t\t\t<\/div>\n\t\t\t\t<\/div>\n\t\t\t\t\t<\/div>\n\t\t<\/div>\n\t\t\t\t\t<\/div>\n\t\t<\/section>\n\t\t\t\t<\/div>\n\t\t\n    <div class=\"xs_social_share_widget xs_share_url after_content \t\tmain_content  wslu-style-1 wslu-share-box-shaped wslu-fill-colored wslu-none wslu-share-horizontal wslu-theme-font-no wslu-main_content\">\n\n\t\t\n        <ul>\n\t\t\t        <\/ul>\n    <\/div> \n","protected":false},"excerpt":{"rendered":"<p>Seu contributo ajudar\u00e1 pessoas pobres e sem abrigo. De pessoas para pessoas \u2013 Impacte e mude uma vida todos os dias \u2013 dando \u2013 capacitando \u2013 patrocinando a educa\u00e7\u00e3o de algu\u00e9m \u2013 compartilhando amor atrav\u00e9s do nosso salvador Jesus Cristo. Conhe\u00e7a-nos Seja Patrocinador Ao se tornar patrocinador da Associa\u00e7\u00e3o Veronas Davit, sua marca contribui diretamente para ac\u00e7\u00f5es que transformam vidas e constroem um futuro mais justo. Saiba Mais Seja Volunt\u00e1rio Doe seu tempo, seu talento e seu cora\u00e7\u00e3o. Nossos volunt\u00e1rios s\u00e3o a for\u00e7a que move os nossos projectos e fazem a diferen\u00e7a na vida de quem mais precisa. Saiba Mais Seja Doador Cada contribui\u00e7\u00e3o \u00e9 uma semente de esperan\u00e7a. Doe uma vez ou torne-se um doador mensal e ajude-nos a continuar levando luz onde h\u00e1 escurid\u00e3o. Saiba Mais Lar do Acolhimento No \u00e2mbito das actividades que envolvem a responsabilidade social e de envolvimento com a comunidade, a Associa\u00e7\u00e3o Veronas Davit em 2024 desenvolveu a cria\u00e7\u00e3o de um lar de acolhimento &#8211; \u00a0um projecto de Diversidade e Inclus\u00e3o (com adolescentes, raparigas e jovens mulheres entres 10 aos 18 ) que visa promover a transforma\u00e7\u00e3o e desenvolvimento de pessoas, comunidade e abastecimento sustent\u00e1vel, com foco especial nas necessidades de crian\u00e7as, jovens e mulheres em estado de vulnerabilidade. Quero Ajudar N\u00f3s Doamos Na Associa\u00e7\u00e3o Veronas Davit, acreditamos que pequenas a\u00e7\u00f5es podem gerar grandes mudan\u00e7as. Atrav\u00e9s do ato simples, por\u00e9m poderoso, de doar. Pois, temos a oportunidade de transformar vidas e impactar comunidades inteiras em Angola. N\u00f3s doamos \u00e0s crian\u00e7as, jovens e em fam\u00edlias mais carenciadas: Alimentos. Roupas. Sapatos. Kits de Cuidado e Higiene. Prendas de Natal. Na certeza de que a nossa e a sua doa\u00e7\u00e3o \u00e9 mais do que um gesto de generosidade; \u00e9 um investimento no futuro dessas pessoas, que enfrentam desafios inimagin\u00e1veis em sua jornada para um futuro melhor. Eu Quero Doar Eventos &amp; Atualiza\u00e7\u00f5es Junta-te ao Movimento DE PESSOAS PARA PESSOAS Para transforma\u00e7\u00e3o e desenvolvimento de pessoas, em comunidades e abastecimento sustent\u00e1vel, com foco especial nas necessidades de crian\u00e7as, jovens e mulheres. Fale Connosco<\/p>\n","protected":false},"author":1,"featured_media":0,"parent":0,"menu_order":0,"comment_status":"closed","ping_status":"closed","template":"elementor_header_footer","meta":{"_acf_changed":false,"give_campaign_id":0,"postBodyCss":"","postBodyMargin":[],"postBodyPadding":[],"postBodyBackground":{"backgroundType":"classic","gradient":""},"footnotes":""},"class_list":["post-2191","page","type-page","status-publish","hentry"],"acf":[],"campaignId":"","_links":{"self":[{"href":"https:\/\/veronasdavit.org\/veronasdavit\/wp-json\/wp\/v2\/pages\/2191","targetHints":{"allow":["GET"]}}],"collection":[{"href":"https:\/\/veronasdavit.org\/veronasdavit\/wp-json\/wp\/v2\/pages"}],"about":[{"href":"https:\/\/veronasdavit.org\/veronasdavit\/wp-json\/wp\/v2\/types\/page"}],"author":[{"embeddable":true,"href":"https:\/\/veronasdavit.org\/veronasdavit\/wp-json\/wp\/v2\/users\/1"}],"replies":[{"embeddable":true,"href":"https:\/\/veronasdavit.org\/veronasdavit\/wp-json\/wp\/v2\/comments?post=2191"}],"version-history":[{"count":522,"href":"https:\/\/veronasdavit.org\/veronasdavit\/wp-json\/wp\/v2\/pages\/2191\/revisions"}],"predecessor-version":[{"id":4900,"href":"https:\/\/veronasdavit.org\/veronasdavit\/wp-json\/wp\/v2\/pages\/2191\/revisions\/4900"}],"wp:attachment":[{"href":"https:\/\/veronasdavit.org\/veronasdavit\/wp-json\/wp\/v2\/media?parent=2191"}],"curies":[{"name":"wp","href":"https:\/\/api.w.org\/{rel}","templated":true}]}}